{"id":317,"date":"2025-06-18T15:48:23","date_gmt":"2025-06-18T20:48:23","guid":{"rendered":"https:\/\/fundacionkairos.org\/?page_id=317"},"modified":"2025-08-09T18:28:25","modified_gmt":"2025-08-09T23:28:25","slug":"radio-el-amigo","status":"publish","type":"page","link":"https:\/\/fundacionkairos.org\/en\/radio-el-amigo\/","title":{"rendered":"Radio El Amigo"},"content":{"rendered":"<div data-elementor-type=\"wp-page\" data-elementor-id=\"317\" class=\"elementor elementor-317\" data-elementor-post-type=\"page\">\n\t\t\t\t<div class=\"elementor-element elementor-element-739b97b e-con-full e-flex e-con e-parent\" data-id=\"739b97b\" data-element_type=\"container\" data-settings=\"{&quot;background_background&quot;:&quot;classic&quot;}\">\n\t\t\t\t<div class=\"elementor-element elementor-element-182a07a elementor-widget elementor-widget-heading\" data-id=\"182a07a\" data-element_type=\"widget\" data-widget_type=\"heading.default\">\n\t\t\t\t<div class=\"elementor-widget-container\">\n\t\t\t\t\t<h1 class=\"elementor-heading-title elementor-size-default\">Radio El Amigo<\/h1>\t\t\t\t<\/div>\n\t\t\t\t<\/div>\n\t\t\t\t<\/div>\n\t\t<div class=\"elementor-element elementor-element-566ba7e e-flex e-con-boxed e-con e-parent\" data-id=\"566ba7e\" data-element_type=\"container\">\n\t\t\t\t\t<div class=\"e-con-inner\">\n\t\t<div class=\"elementor-element elementor-element-ac940a6 e-con-full e-flex e-con e-child\" data-id=\"ac940a6\" data-element_type=\"container\">\n\t\t<div class=\"elementor-element elementor-element-c9b1106 e-con-full e-flex e-con e-child\" data-id=\"c9b1106\" data-element_type=\"container\">\n\t\t\t\t<div class=\"elementor-element elementor-element-9d10c22 elementor-invisible elementor-widget elementor-widget-image\" data-id=\"9d10c22\" data-element_type=\"widget\" data-settings=\"{&quot;_animation&quot;:&quot;fadeInLeft&quot;}\" data-widget_type=\"image.default\">\n\t\t\t\t<div class=\"elementor-widget-container\">\n\t\t\t\t\t\t\t\t\t\t\t\t\t\t\t<img fetchpriority=\"high\" decoding=\"async\" width=\"800\" height=\"800\" src=\"https:\/\/fundacionkairos.org\/wp-content\/uploads\/2025\/06\/LOGO-AMIGO-DEL-MILLON-1024x1024.png\" class=\"attachment-large size-large wp-image-346\" alt=\"\" srcset=\"https:\/\/fundacionkairos.org\/wp-content\/uploads\/2025\/06\/LOGO-AMIGO-DEL-MILLON-1024x1024.png 1024w, https:\/\/fundacionkairos.org\/wp-content\/uploads\/2025\/06\/LOGO-AMIGO-DEL-MILLON-300x300.png 300w, https:\/\/fundacionkairos.org\/wp-content\/uploads\/2025\/06\/LOGO-AMIGO-DEL-MILLON-150x150.png 150w, https:\/\/fundacionkairos.org\/wp-content\/uploads\/2025\/06\/LOGO-AMIGO-DEL-MILLON-768x768.png 768w, https:\/\/fundacionkairos.org\/wp-content\/uploads\/2025\/06\/LOGO-AMIGO-DEL-MILLON-1536x1536.png 1536w, https:\/\/fundacionkairos.org\/wp-content\/uploads\/2025\/06\/LOGO-AMIGO-DEL-MILLON.png 1701w\" sizes=\"(max-width: 800px) 100vw, 800px\" \/>\t\t\t\t\t\t\t\t\t\t\t\t\t\t\t<\/div>\n\t\t\t\t<\/div>\n\t\t\t\t<\/div>\n\t\t<div class=\"elementor-element elementor-element-b6c6133 e-con-full e-flex e-con e-child\" data-id=\"b6c6133\" data-element_type=\"container\">\n\t\t\t\t<div class=\"elementor-element elementor-element-6b49048 elementor-widget elementor-widget-heading\" data-id=\"6b49048\" data-element_type=\"widget\" data-widget_type=\"heading.default\">\n\t\t\t\t<div class=\"elementor-widget-container\">\n\t\t\t\t\t<h2 class=\"elementor-heading-title elementor-size-default\">RADIO ONLINE \u201cEL AMIGO DEL MILL\u00d3N\u201d\n<\/h2>\t\t\t\t<\/div>\n\t\t\t\t<\/div>\n\t\t\t\t<div class=\"elementor-element elementor-element-9b23c88 elementor-widget elementor-widget-text-editor\" data-id=\"9b23c88\" data-element_type=\"widget\" data-widget_type=\"text-editor.default\">\n\t\t\t\t<div class=\"elementor-widget-container\">\n\t\t\t\t\t\t\t\t\t<p><span style=\"font-weight: 400;\">Bienvenidos a nuestra Radio Online Cat\u00f3lica<\/span><\/p><p><span style=\"font-weight: 400;\">Nuestra radio online nace con la misi\u00f3n de servir a la comunidad como un puente de fe, esperanza y unidad. En un mundo que muchas veces nos desconecta, queremos ser una voz cercana, un espacio espiritual donde todos puedan encontrar consuelo, ense\u00f1anza y compa\u00f1\u00eda a trav\u00e9s del mensaje del Evangelio.<\/span><\/p><p><span style=\"font-weight: 400;\">Transmitimos la Santa Eucarist\u00eda los d\u00edas domingo para que, desde cualquier lugar, puedas participar de este encuentro sagrado con Dios. Adem\u00e1s, ofrecemos programas cat\u00f3licos variados: reflexiones b\u00edblicas, formaci\u00f3n en la fe, oraciones, m\u00fasica cristiana y espacios para compartir testimonios de vida y compromiso comunitario.<\/span><\/p><p><span style=\"font-weight: 400;\">Este proyecto est\u00e1 pensado especialmente para nuestra comunidad local, para acompa\u00f1arte en tu d\u00eda a d\u00eda, para ayudarte a vivir tu fe con alegr\u00eda y fortalecer los lazos que nos unen como Iglesia.<\/span><\/p><p><span style=\"font-weight: 400;\">Te invitamos a escuchar, compartir y ser parte activa de esta nueva forma de evangelizaci\u00f3n.<\/span><\/p><p><b><i>\u00a1Gracias por permitirnos llegar a tu hogar y a tu coraz\u00f3n!<\/i><\/b><\/p>\t\t\t\t\t\t\t\t<\/div>\n\t\t\t\t<\/div>\n\t\t\t\t<\/div>\n\t\t\t\t<\/div>\n\t\t\t\t\t<\/div>\n\t\t\t\t<\/div>\n\t\t<div class=\"elementor-element elementor-element-4569c2d e-flex e-con-boxed e-con e-parent\" data-id=\"4569c2d\" data-element_type=\"container\">\n\t\t\t\t\t<div class=\"e-con-inner\">\n\t\t\t\t<div class=\"elementor-element elementor-element-35040fc elementor-widget elementor-widget-html\" data-id=\"35040fc\" data-element_type=\"widget\" data-widget_type=\"html.default\">\n\t\t\t\t<div class=\"elementor-widget-container\">\n\t\t\t\t\t<iframe src=\"https:\/\/az1.mediacp.eu\/public\/fundacionkairos\/embed?theme=light\" frameborder=\"0\" allowtransparency=\"true\" style=\"width: 100%; min-height: 150px; border: 0;\"><\/iframe>\t\t\t\t<\/div>\n\t\t\t\t<\/div>\n\t\t\t\t\t<\/div>\n\t\t\t\t<\/div>\n\t\t<div class=\"elementor-element elementor-element-9a731eb e-flex e-con-boxed e-con e-parent\" data-id=\"9a731eb\" data-element_type=\"container\">\n\t\t\t\t\t<div class=\"e-con-inner\">\n\t\t<div class=\"elementor-element elementor-element-d993fe3 e-con-full e-flex e-con e-child\" data-id=\"d993fe3\" data-element_type=\"container\">\n\t\t<div class=\"elementor-element elementor-element-30e96c4 e-con-full e-flex e-con e-child\" data-id=\"30e96c4\" data-element_type=\"container\">\n\t\t\t\t<div class=\"elementor-element elementor-element-cb01878 elementor-widget elementor-widget-video\" data-id=\"cb01878\" data-element_type=\"widget\" data-settings=\"{&quot;video_type&quot;:&quot;hosted&quot;,&quot;controls&quot;:&quot;yes&quot;}\" data-widget_type=\"video.default\">\n\t\t\t\t<div class=\"elementor-widget-container\">\n\t\t\t\t\t\t\t<div class=\"e-hosted-video elementor-wrapper elementor-open-inline\">\n\t\t\t\t\t<video class=\"elementor-video\" src=\"https:\/\/fundacionkairos.org\/wp-content\/uploads\/2025\/06\/VID_20230621_160941-Compressed-with-FlexClip.mp4\" controls=\"\" preload=\"metadata\" controlslist=\"nodownload\"><\/video>\n\t\t\t\t<\/div>\n\t\t\t\t\t\t<\/div>\n\t\t\t\t<\/div>\n\t\t\t\t<\/div>\n\t\t<div class=\"elementor-element elementor-element-d702f01 e-con-full e-flex e-con e-child\" data-id=\"d702f01\" data-element_type=\"container\">\n\t\t\t\t<div class=\"elementor-element elementor-element-43c6973 elementor-widget elementor-widget-video\" data-id=\"43c6973\" data-element_type=\"widget\" data-settings=\"{&quot;video_type&quot;:&quot;hosted&quot;,&quot;controls&quot;:&quot;yes&quot;}\" data-widget_type=\"video.default\">\n\t\t\t\t<div class=\"elementor-widget-container\">\n\t\t\t\t\t\t\t<div class=\"e-hosted-video elementor-wrapper elementor-open-inline\">\n\t\t\t\t\t<video class=\"elementor-video\" src=\"https:\/\/fundacionkairos.org\/wp-content\/uploads\/2025\/06\/lv_0_20230815222144-Compressed-with-FlexClip-1-1-1.mp4\" controls=\"\" preload=\"metadata\" controlslist=\"nodownload\"><\/video>\n\t\t\t\t<\/div>\n\t\t\t\t\t\t<\/div>\n\t\t\t\t<\/div>\n\t\t\t\t<\/div>\n\t\t<div class=\"elementor-element elementor-element-cdfe355 e-con-full e-flex e-con e-child\" data-id=\"cdfe355\" data-element_type=\"container\">\n\t\t\t\t<div class=\"elementor-element elementor-element-61e032c elementor-widget elementor-widget-video\" data-id=\"61e032c\" data-element_type=\"widget\" data-settings=\"{&quot;video_type&quot;:&quot;hosted&quot;,&quot;controls&quot;:&quot;yes&quot;}\" data-widget_type=\"video.default\">\n\t\t\t\t<div class=\"elementor-widget-container\">\n\t\t\t\t\t\t\t<div class=\"e-hosted-video elementor-wrapper elementor-open-inline\">\n\t\t\t\t\t<video class=\"elementor-video\" src=\"https:\/\/fundacionkairos.org\/wp-content\/uploads\/2025\/06\/WhatsApp-Video-2025-01-08-at-11.35.01-AM-1.mp4\" controls=\"\" preload=\"metadata\" controlslist=\"nodownload\"><\/video>\n\t\t\t\t<\/div>\n\t\t\t\t\t\t<\/div>\n\t\t\t\t<\/div>\n\t\t\t\t<\/div>\n\t\t<div class=\"elementor-element elementor-element-2120a0d e-con-full e-flex e-con e-child\" data-id=\"2120a0d\" data-element_type=\"container\">\n\t\t\t\t<div class=\"elementor-element elementor-element-1532075 elementor-widget elementor-widget-video\" data-id=\"1532075\" data-element_type=\"widget\" data-settings=\"{&quot;video_type&quot;:&quot;hosted&quot;,&quot;controls&quot;:&quot;yes&quot;}\" data-widget_type=\"video.default\">\n\t\t\t\t<div class=\"elementor-widget-container\">\n\t\t\t\t\t\t\t<div class=\"e-hosted-video elementor-wrapper elementor-open-inline\">\n\t\t\t\t\t<video class=\"elementor-video\" src=\"https:\/\/fundacionkairos.org\/wp-content\/uploads\/2025\/06\/WhatsApp-Video-2025-01-10-at-1.35.58-PM-2-1.mp4\" controls=\"\" preload=\"metadata\" controlslist=\"nodownload\"><\/video>\n\t\t\t\t<\/div>\n\t\t\t\t\t\t<\/div>\n\t\t\t\t<\/div>\n\t\t\t\t<\/div>\n\t\t\t\t<\/div>\n\t\t\t\t\t<\/div>\n\t\t\t\t<\/div>\n\t\t\t\t<\/div>","protected":false},"excerpt":{"rendered":"<p>RADIO ONLINE \u201cEL AMIGO DEL MILL\u00d3N\u201d Bienvenidos a nuestra Radio Online Cat\u00f3lica Nuestra radio online nace con la misi\u00f3n de servir a la comunidad como un puente de fe, esperanza y unidad. En un mundo que muchas veces nos desconecta, queremos ser una voz cercana, un espacio espiritual donde todos puedan encontrar consuelo, ense\u00f1anza y [&hellip;]<\/p>","protected":false},"author":1,"featured_media":0,"parent":0,"menu_order":0,"comment_status":"closed","ping_status":"closed","template":"elementor_header_footer","meta":{"footnotes":""},"class_list":["post-317","page","type-page","status-publish","hentry"],"_links":{"self":[{"href":"https:\/\/fundacionkairos.org\/en\/wp-json\/wp\/v2\/pages\/317","targetHints":{"allow":["GET"]}}],"collection":[{"href":"https:\/\/fundacionkairos.org\/en\/wp-json\/wp\/v2\/pages"}],"about":[{"href":"https:\/\/fundacionkairos.org\/en\/wp-json\/wp\/v2\/types\/page"}],"author":[{"embeddable":true,"href":"https:\/\/fundacionkairos.org\/en\/wp-json\/wp\/v2\/users\/1"}],"replies":[{"embeddable":true,"href":"https:\/\/fundacionkairos.org\/en\/wp-json\/wp\/v2\/comments?post=317"}],"version-history":[{"count":22,"href":"https:\/\/fundacionkairos.org\/en\/wp-json\/wp\/v2\/pages\/317\/revisions"}],"predecessor-version":[{"id":789,"href":"https:\/\/fundacionkairos.org\/en\/wp-json\/wp\/v2\/pages\/317\/revisions\/789"}],"wp:attachment":[{"href":"https:\/\/fundacionkairos.org\/en\/wp-json\/wp\/v2\/media?parent=317"}],"curies":[{"name":"wp","href":"https:\/\/api.w.org\/{rel}","templated":true}]}}