{"id":358,"date":"2025-06-26T13:29:02","date_gmt":"2025-06-26T18:29:02","guid":{"rendered":"https:\/\/fundacionkairos.org\/?page_id=358"},"modified":"2025-08-09T14:44:12","modified_gmt":"2025-08-09T19:44:12","slug":"formacion-cristiana","status":"publish","type":"page","link":"https:\/\/fundacionkairos.org\/en\/christian-formation\/","title":{"rendered":"Christian formation"},"content":{"rendered":"<div data-elementor-type=\"wp-page\" data-elementor-id=\"358\" class=\"elementor elementor-358\" data-elementor-post-type=\"page\">\n\t\t\t\t<div class=\"elementor-element elementor-element-6fe229c e-con-full e-flex e-con e-parent\" data-id=\"6fe229c\" data-element_type=\"container\" data-settings=\"{&quot;background_background&quot;:&quot;classic&quot;}\">\n\t\t\t\t<div class=\"elementor-element elementor-element-e6847ff elementor-widget elementor-widget-heading\" data-id=\"e6847ff\" data-element_type=\"widget\" data-widget_type=\"heading.default\">\n\t\t\t\t<div class=\"elementor-widget-container\">\n\t\t\t\t\t<h1 class=\"elementor-heading-title elementor-size-default\">Christian formation<\/h1>\t\t\t\t<\/div>\n\t\t\t\t<\/div>\n\t\t\t\t<\/div>\n\t\t<div class=\"elementor-element elementor-element-2ec2f90 e-flex e-con-boxed e-con e-parent\" data-id=\"2ec2f90\" data-element_type=\"container\">\n\t\t\t\t\t<div class=\"e-con-inner\">\n\t\t\t\t<div class=\"elementor-element elementor-element-6643c21 elementor-widget elementor-widget-heading\" data-id=\"6643c21\" data-element_type=\"widget\" data-widget_type=\"heading.default\">\n\t\t\t\t<div class=\"elementor-widget-container\">\n\t\t\t\t\t<h2 class=\"elementor-heading-title elementor-size-default\">Mission<\/h2>\t\t\t\t<\/div>\n\t\t\t\t<\/div>\n\t\t\t\t<div class=\"elementor-element elementor-element-7612287 elementor-widget elementor-widget-text-editor\" data-id=\"7612287\" data-element_type=\"widget\" data-widget_type=\"text-editor.default\">\n\t\t\t\t<div class=\"elementor-widget-container\">\n\t\t\t\t\t\t\t\t\tThe mission of the Kair\u00f3s Foundation Pastoral Care is to be the evangelizing heart of the institution, fostering a living, profound, and communitarian spirituality that permeates all areas of institutional life. This is achieved through an articulated, systematic, and humanizing process that promotes the integral development of individuals, the encounter with Jesus Christ, and an active commitment to social transformation based on faith, hope, and love. For this reason, our pastoral care integrates formation, liturgical celebration, sacramental catechesis, accompaniment, and solidarity as paths to building conscious, fraternal, inclusive, and co-responsible communities, in tune with the signs of the times and faithful to the Gospel.\t\t\t\t\t\t\t\t<\/div>\n\t\t\t\t<\/div>\n\t\t\t\t\t<\/div>\n\t\t\t\t<\/div>\n\t\t<div class=\"elementor-element elementor-element-47e3438 e-flex e-con-boxed e-con e-parent\" data-id=\"47e3438\" data-element_type=\"container\">\n\t\t\t\t\t<div class=\"e-con-inner\">\n\t\t\t\t<div class=\"elementor-element elementor-element-f132003 elementor-widget elementor-widget-heading\" data-id=\"f132003\" data-element_type=\"widget\" data-widget_type=\"heading.default\">\n\t\t\t\t<div class=\"elementor-widget-container\">\n\t\t\t\t\t<h2 class=\"elementor-heading-title elementor-size-default\">Vision<\/h2>\t\t\t\t<\/div>\n\t\t\t\t<\/div>\n\t\t\t\t<div class=\"elementor-element elementor-element-ec5b7a8 elementor-widget elementor-widget-text-editor\" data-id=\"ec5b7a8\" data-element_type=\"widget\" data-widget_type=\"text-editor.default\">\n\t\t\t\t<div class=\"elementor-widget-container\">\n\t\t\t\t\t\t\t\t\tTo be a dynamic space, capable of generating vibrant, supportive, and spiritually committed communities that respond with creativity, sensitivity, and faith to contemporary challenges, radiating hope toward the integral transformation of human beings and a more just and fraternal society.\t\t\t\t\t\t\t\t<\/div>\n\t\t\t\t<\/div>\n\t\t\t\t\t<\/div>\n\t\t\t\t<\/div>\n\t\t<div class=\"elementor-element elementor-element-b1fed13 e-flex e-con-boxed e-con e-parent\" data-id=\"b1fed13\" data-element_type=\"container\">\n\t\t\t\t\t<div class=\"e-con-inner\">\n\t\t\t\t<div class=\"elementor-element elementor-element-dc21bc4 elementor-widget elementor-widget-heading\" data-id=\"dc21bc4\" data-element_type=\"widget\" data-widget_type=\"heading.default\">\n\t\t\t\t<div class=\"elementor-widget-container\">\n\t\t\t\t\t<h2 class=\"elementor-heading-title elementor-size-default\">Objective<\/h2>\t\t\t\t<\/div>\n\t\t\t\t<\/div>\n\t\t\t\t<div class=\"elementor-element elementor-element-941db1f elementor-widget elementor-widget-text-editor\" data-id=\"941db1f\" data-element_type=\"widget\" data-widget_type=\"text-editor.default\">\n\t\t\t\t<div class=\"elementor-widget-container\">\n\t\t\t\t\t\t\t\t\t<p>To strengthen the spiritual, pastoral, and human dimensions of the Kair\u00f3s Foundation in an integrated manner, through recognition of needs in the context of the needs, as well as the reaffirmation of the institutional charism, ongoing training, spiritual accompaniment, and the promotion of Christian living committed to social justice, solidarity, and the constant improvement of the pastoral process.<\/p>\t\t\t\t\t\t\t\t<\/div>\n\t\t\t\t<\/div>\n\t\t\t\t\t<\/div>\n\t\t\t\t<\/div>\n\t\t<div class=\"elementor-element elementor-element-c6aa7f3 e-flex e-con-boxed e-con e-parent\" data-id=\"c6aa7f3\" data-element_type=\"container\">\n\t\t\t\t\t<div class=\"e-con-inner\">\n\t\t\t\t<div class=\"elementor-element elementor-element-41ead69 elementor-widget elementor-widget-heading\" data-id=\"41ead69\" data-element_type=\"widget\" data-widget_type=\"heading.default\">\n\t\t\t\t<div class=\"elementor-widget-container\">\n\t\t\t\t\t<h2 class=\"elementor-heading-title elementor-size-default\">Activities<\/h2>\t\t\t\t<\/div>\n\t\t\t\t<\/div>\n\t\t\t\t<div class=\"elementor-element elementor-element-86cbb80 elementor-widget elementor-widget-text-editor\" data-id=\"86cbb80\" data-element_type=\"widget\" data-widget_type=\"text-editor.default\">\n\t\t\t\t<div class=\"elementor-widget-container\">\n\t\t\t\t\t\t\t\t\t<ul><li>Comprehensive Training.<\/li><li>Liturgy and Sacraments.<\/li><li>Spiritual Accompaniment.<\/li><li>Service and Social Commitment.<\/li><li>Apostolates<ul><li>Community dining room in Dur\u00e1n \u201cCasa de Siervos de Mar\u00eda\u201d<\/li><li>Prayer Group \u2013 Private Association of the Faithful \u201cSiervo de los pobres\u201d<\/li><li>Shelter for children and adolescents \u201cEma\u00fas\u201d<\/li><li>Oratory \u201cSanta Mar\u00eda Monte de Paz\u201d<\/li><\/ul><\/li><\/ul>\t\t\t\t\t\t\t\t<\/div>\n\t\t\t\t<\/div>\n\t\t\t\t\t<\/div>\n\t\t\t\t<\/div>\n\t\t<div class=\"elementor-element elementor-element-6c1f849 e-flex e-con-boxed e-con e-parent\" data-id=\"6c1f849\" data-element_type=\"container\">\n\t\t\t\t\t<div class=\"e-con-inner\">\n\t\t\t\t<div class=\"elementor-element elementor-element-2370f62 ee-grid-halign--center ee-grid-columns-3 ee-grid-columns-tablet-2 ee-grid-columns-mobile-1 ee-grid-align--top ee-gallery-overflow-tablet--yes ee-gallery-overflow-mobile--yes elementor-widget elementor-widget-gallery-extra\" data-id=\"2370f62\" data-element_type=\"widget\" data-settings=\"{&quot;tilt_enable&quot;:&quot;yes&quot;,&quot;columns&quot;:&quot;3&quot;,&quot;columns_tablet&quot;:&quot;2&quot;,&quot;columns_mobile&quot;:&quot;1&quot;,&quot;tilt_amount&quot;:{&quot;unit&quot;:&quot;px&quot;,&quot;size&quot;:20,&quot;sizes&quot;:[]},&quot;tilt_scale&quot;:{&quot;unit&quot;:&quot;px&quot;,&quot;size&quot;:1.05,&quot;sizes&quot;:[]},&quot;tilt_speed&quot;:{&quot;unit&quot;:&quot;px&quot;,&quot;size&quot;:800,&quot;sizes&quot;:[]}}\" data-widget_type=\"gallery-extra.default\">\n\t\t\t\t<div class=\"elementor-widget-container\">\n\t\t\t\t\t<div class=\"ee-gallery-wrapper\">\n\t\t\t<div class=\"ee-gallery ee-grid ee-grid--gallery ee-gallery__gallery\"><div class=\"ee-gallery__item ee-gallery__item--1 ee-grid__item\">\n\t\t\t\t<a class=\"ee-media ee-gallery__media\" data-elementor-open-lightbox=\"yes\" data-elementor-lightbox-slideshow=\"2370f62_358\" data-elementor-lightbox-title=\"pastoral-1\" data-e-action-hash=\"#elementor-action%3Aaction%3Dlightbox%26settings%3DeyJpZCI6NTg3LCJ1cmwiOiJodHRwczpcL1wvZnVuZGFjaW9ua2Fpcm9zLm9yZ1wvd3AtY29udGVudFwvdXBsb2Fkc1wvMjAyNVwvMDhcL3Bhc3RvcmFsLTEuanBnIiwic2xpZGVzaG93IjoiMjM3MGY2Ml8zNTgifQ%3D%3D\" href=\"https:\/\/fundacionkairos.org\/wp-content\/uploads\/2025\/08\/pastoral-1.jpg\">\n\t\t\t\t\t<div class=\"ee-media__wrapper ee-gallery__media-wrapper ee-gallery__tilt\"><div class=\"ee-media__thumbnail ee-gallery__media__thumbnail\">\n\t\t\t<img decoding=\"async\" src=\"https:\/\/fundacionkairos.org\/wp-content\/uploads\/2025\/08\/pastoral-1.jpg\" title=\"pastoral-1\" \/>\n\t\t<\/div><div class=\"ee-media__overlay ee-gallery__media__overlay\"><\/div><\/div>\n\t\t\t\t<\/a>\n\t\t\t<\/div><div class=\"ee-gallery__item ee-gallery__item--2 ee-grid__item\">\n\t\t\t\t<a class=\"ee-media ee-gallery__media\" data-elementor-open-lightbox=\"yes\" data-elementor-lightbox-slideshow=\"2370f62_358\" data-elementor-lightbox-title=\"pastoral-2\" data-e-action-hash=\"#elementor-action%3Aaction%3Dlightbox%26settings%3DeyJpZCI6NTg2LCJ1cmwiOiJodHRwczpcL1wvZnVuZGFjaW9ua2Fpcm9zLm9yZ1wvd3AtY29udGVudFwvdXBsb2Fkc1wvMjAyNVwvMDhcL3Bhc3RvcmFsLTIuanBnIiwic2xpZGVzaG93IjoiMjM3MGY2Ml8zNTgifQ%3D%3D\" href=\"https:\/\/fundacionkairos.org\/wp-content\/uploads\/2025\/08\/pastoral-2.jpg\">\n\t\t\t\t\t<div class=\"ee-media__wrapper ee-gallery__media-wrapper ee-gallery__tilt\"><div class=\"ee-media__thumbnail ee-gallery__media__thumbnail\">\n\t\t\t<img decoding=\"async\" src=\"https:\/\/fundacionkairos.org\/wp-content\/uploads\/2025\/08\/pastoral-2.jpg\" title=\"pastoral-2\" \/>\n\t\t<\/div><div class=\"ee-media__overlay ee-gallery__media__overlay\"><\/div><\/div>\n\t\t\t\t<\/a>\n\t\t\t<\/div><div class=\"ee-gallery__item ee-gallery__item--3 ee-grid__item\">\n\t\t\t\t<a class=\"ee-media ee-gallery__media\" data-elementor-open-lightbox=\"yes\" data-elementor-lightbox-slideshow=\"2370f62_358\" data-elementor-lightbox-title=\"pastoral-3\" data-e-action-hash=\"#elementor-action%3Aaction%3Dlightbox%26settings%3DeyJpZCI6NTg1LCJ1cmwiOiJodHRwczpcL1wvZnVuZGFjaW9ua2Fpcm9zLm9yZ1wvd3AtY29udGVudFwvdXBsb2Fkc1wvMjAyNVwvMDhcL3Bhc3RvcmFsLTMuanBnIiwic2xpZGVzaG93IjoiMjM3MGY2Ml8zNTgifQ%3D%3D\" href=\"https:\/\/fundacionkairos.org\/wp-content\/uploads\/2025\/08\/pastoral-3.jpg\">\n\t\t\t\t\t<div class=\"ee-media__wrapper ee-gallery__media-wrapper ee-gallery__tilt\"><div class=\"ee-media__thumbnail ee-gallery__media__thumbnail\">\n\t\t\t<img decoding=\"async\" src=\"https:\/\/fundacionkairos.org\/wp-content\/uploads\/2025\/08\/pastoral-3.jpg\" title=\"pastoral-3\" \/>\n\t\t<\/div><div class=\"ee-media__overlay ee-gallery__media__overlay\"><\/div><\/div>\n\t\t\t\t<\/a>\n\t\t\t<\/div><div class=\"ee-gallery__item ee-gallery__item--4 ee-grid__item\">\n\t\t\t\t<a class=\"ee-media ee-gallery__media\" data-elementor-open-lightbox=\"yes\" data-elementor-lightbox-slideshow=\"2370f62_358\" data-elementor-lightbox-title=\"pastoral-4\" data-e-action-hash=\"#elementor-action%3Aaction%3Dlightbox%26settings%3DeyJpZCI6NTg0LCJ1cmwiOiJodHRwczpcL1wvZnVuZGFjaW9ua2Fpcm9zLm9yZ1wvd3AtY29udGVudFwvdXBsb2Fkc1wvMjAyNVwvMDhcL3Bhc3RvcmFsLTQuanBnIiwic2xpZGVzaG93IjoiMjM3MGY2Ml8zNTgifQ%3D%3D\" href=\"https:\/\/fundacionkairos.org\/wp-content\/uploads\/2025\/08\/pastoral-4.jpg\">\n\t\t\t\t\t<div class=\"ee-media__wrapper ee-gallery__media-wrapper ee-gallery__tilt\"><div class=\"ee-media__thumbnail ee-gallery__media__thumbnail\">\n\t\t\t<img decoding=\"async\" src=\"https:\/\/fundacionkairos.org\/wp-content\/uploads\/2025\/08\/pastoral-4.jpg\" title=\"pastoral-4\" \/>\n\t\t<\/div><div class=\"ee-media__overlay ee-gallery__media__overlay\"><\/div><\/div>\n\t\t\t\t<\/a>\n\t\t\t<\/div><div class=\"ee-gallery__item ee-gallery__item--5 ee-grid__item\">\n\t\t\t\t<a class=\"ee-media ee-gallery__media\" data-elementor-open-lightbox=\"yes\" data-elementor-lightbox-slideshow=\"2370f62_358\" data-elementor-lightbox-title=\"pastoral-5\" data-e-action-hash=\"#elementor-action%3Aaction%3Dlightbox%26settings%3DeyJpZCI6NTgzLCJ1cmwiOiJodHRwczpcL1wvZnVuZGFjaW9ua2Fpcm9zLm9yZ1wvd3AtY29udGVudFwvdXBsb2Fkc1wvMjAyNVwvMDhcL3Bhc3RvcmFsLTUuanBnIiwic2xpZGVzaG93IjoiMjM3MGY2Ml8zNTgifQ%3D%3D\" href=\"https:\/\/fundacionkairos.org\/wp-content\/uploads\/2025\/08\/pastoral-5.jpg\">\n\t\t\t\t\t<div class=\"ee-media__wrapper ee-gallery__media-wrapper ee-gallery__tilt\"><div class=\"ee-media__thumbnail ee-gallery__media__thumbnail\">\n\t\t\t<img decoding=\"async\" src=\"https:\/\/fundacionkairos.org\/wp-content\/uploads\/2025\/08\/pastoral-5.jpg\" title=\"pastoral-5\" \/>\n\t\t<\/div><div class=\"ee-media__overlay ee-gallery__media__overlay\"><\/div><\/div>\n\t\t\t\t<\/a>\n\t\t\t<\/div><div class=\"ee-gallery__item ee-gallery__item--6 ee-grid__item\">\n\t\t\t\t<a class=\"ee-media ee-gallery__media\" data-elementor-open-lightbox=\"yes\" data-elementor-lightbox-slideshow=\"2370f62_358\" data-elementor-lightbox-title=\"pastoral-6\" data-e-action-hash=\"#elementor-action%3Aaction%3Dlightbox%26settings%3DeyJpZCI6NTgyLCJ1cmwiOiJodHRwczpcL1wvZnVuZGFjaW9ua2Fpcm9zLm9yZ1wvd3AtY29udGVudFwvdXBsb2Fkc1wvMjAyNVwvMDhcL3Bhc3RvcmFsLTYuanBnIiwic2xpZGVzaG93IjoiMjM3MGY2Ml8zNTgifQ%3D%3D\" href=\"https:\/\/fundacionkairos.org\/wp-content\/uploads\/2025\/08\/pastoral-6.jpg\">\n\t\t\t\t\t<div class=\"ee-media__wrapper ee-gallery__media-wrapper ee-gallery__tilt\"><div class=\"ee-media__thumbnail ee-gallery__media__thumbnail\">\n\t\t\t<img decoding=\"async\" src=\"https:\/\/fundacionkairos.org\/wp-content\/uploads\/2025\/08\/pastoral-6.jpg\" title=\"pastoral-6\" \/>\n\t\t<\/div><div class=\"ee-media__overlay ee-gallery__media__overlay\"><\/div><\/div>\n\t\t\t\t<\/a>\n\t\t\t<\/div><div class=\"ee-gallery__item ee-gallery__item--7 ee-grid__item\">\n\t\t\t\t<a class=\"ee-media ee-gallery__media\" data-elementor-open-lightbox=\"yes\" data-elementor-lightbox-slideshow=\"2370f62_358\" data-elementor-lightbox-title=\"pastoral-7\" data-e-action-hash=\"#elementor-action%3Aaction%3Dlightbox%26settings%3DeyJpZCI6NTgxLCJ1cmwiOiJodHRwczpcL1wvZnVuZGFjaW9ua2Fpcm9zLm9yZ1wvd3AtY29udGVudFwvdXBsb2Fkc1wvMjAyNVwvMDhcL3Bhc3RvcmFsLTcuanBnIiwic2xpZGVzaG93IjoiMjM3MGY2Ml8zNTgifQ%3D%3D\" href=\"https:\/\/fundacionkairos.org\/wp-content\/uploads\/2025\/08\/pastoral-7.jpg\">\n\t\t\t\t\t<div class=\"ee-media__wrapper ee-gallery__media-wrapper ee-gallery__tilt\"><div class=\"ee-media__thumbnail ee-gallery__media__thumbnail\">\n\t\t\t<img decoding=\"async\" src=\"https:\/\/fundacionkairos.org\/wp-content\/uploads\/2025\/08\/pastoral-7.jpg\" title=\"pastoral-7\" \/>\n\t\t<\/div><div class=\"ee-media__overlay ee-gallery__media__overlay\"><\/div><\/div>\n\t\t\t\t<\/a>\n\t\t\t<\/div><\/div>\n\t\t<\/div>\t\t\t\t<\/div>\n\t\t\t\t<\/div>\n\t\t\t\t\t<\/div>\n\t\t\t\t<\/div>\n\t\t\t\t<\/div>","protected":false},"excerpt":{"rendered":"<p>Misi\u00f3n La Pastoral de la Fundaci\u00f3n Kair\u00f3s tiene como misi\u00f3n ser el coraz\u00f3n evangelizador de la instituci\u00f3n, dinamizando una espiritualidad viva, profunda y comunitaria que impregne todos los \u00e1mbitos de la vida institucional. Esto a trav\u00e9s de un proceso articulado, sistem\u00e1tico y humanizante, en cual se promueve el desarrollo integral de las personas, el encuentro [&hellip;]<\/p>","protected":false},"author":1,"featured_media":0,"parent":0,"menu_order":0,"comment_status":"closed","ping_status":"closed","template":"elementor_header_footer","meta":{"footnotes":""},"class_list":["post-358","page","type-page","status-publish","hentry"],"_links":{"self":[{"href":"https:\/\/fundacionkairos.org\/en\/wp-json\/wp\/v2\/pages\/358","targetHints":{"allow":["GET"]}}],"collection":[{"href":"https:\/\/fundacionkairos.org\/en\/wp-json\/wp\/v2\/pages"}],"about":[{"href":"https:\/\/fundacionkairos.org\/en\/wp-json\/wp\/v2\/types\/page"}],"author":[{"embeddable":true,"href":"https:\/\/fundacionkairos.org\/en\/wp-json\/wp\/v2\/users\/1"}],"replies":[{"embeddable":true,"href":"https:\/\/fundacionkairos.org\/en\/wp-json\/wp\/v2\/comments?post=358"}],"version-history":[{"count":17,"href":"https:\/\/fundacionkairos.org\/en\/wp-json\/wp\/v2\/pages\/358\/revisions"}],"predecessor-version":[{"id":593,"href":"https:\/\/fundacionkairos.org\/en\/wp-json\/wp\/v2\/pages\/358\/revisions\/593"}],"wp:attachment":[{"href":"https:\/\/fundacionkairos.org\/en\/wp-json\/wp\/v2\/media?parent=358"}],"curies":[{"name":"wp","href":"https:\/\/api.w.org\/{rel}","templated":true}]}}