{"id":415,"date":"2025-07-09T11:28:30","date_gmt":"2025-07-09T16:28:30","guid":{"rendered":"https:\/\/fundacionkairos.org\/?page_id=415"},"modified":"2025-07-09T14:30:42","modified_gmt":"2025-07-09T19:30:42","slug":"centros-educativos","status":"publish","type":"page","link":"https:\/\/fundacionkairos.org\/en\/centros-educativos\/","title":{"rendered":"Centros Educativos"},"content":{"rendered":"<div data-elementor-type=\"wp-page\" data-elementor-id=\"415\" class=\"elementor elementor-415\" data-elementor-post-type=\"page\">\n\t\t\t\t<div class=\"elementor-element elementor-element-fc82c60 e-flex e-con-boxed e-con e-parent\" data-id=\"fc82c60\" data-element_type=\"container\" id=\"lwanga\">\n\t\t\t\t\t<div class=\"e-con-inner\">\n\t\t\t\t<div class=\"elementor-element elementor-element-7342ea6 elementor-widget elementor-widget-heading\" data-id=\"7342ea6\" data-element_type=\"widget\" data-widget_type=\"heading.default\">\n\t\t\t\t<div class=\"elementor-widget-container\">\n\t\t\t\t\t<h2 class=\"elementor-heading-title elementor-size-default\">Fiscomisional Basic Education School San Carlos Lwanga<\/h2>\t\t\t\t<\/div>\n\t\t\t\t<\/div>\n\t\t<div class=\"elementor-element elementor-element-56191cf e-con-full e-flex e-con e-child\" data-id=\"56191cf\" data-element_type=\"container\">\n\t\t<div class=\"elementor-element elementor-element-cbc356e e-con-full e-flex e-con e-child\" data-id=\"cbc356e\" data-element_type=\"container\">\n\t\t<div class=\"elementor-element elementor-element-b599925 e-con-full e-flex e-con e-child\" data-id=\"b599925\" data-element_type=\"container\">\n\t\t\t\t<div class=\"elementor-element elementor-element-73a18ef elementor-widget__width-initial elementor-widget elementor-widget-image\" data-id=\"73a18ef\" data-element_type=\"widget\" data-widget_type=\"image.default\">\n\t\t\t\t<div class=\"elementor-widget-container\">\n\t\t\t\t\t\t\t\t\t\t\t\t\t\t\t<img fetchpriority=\"high\" decoding=\"async\" width=\"800\" height=\"800\" src=\"https:\/\/fundacionkairos.org\/wp-content\/uploads\/2025\/07\/LOGO-SAN-CARLOS-LWANGA-1024x1024.png\" class=\"attachment-large size-large wp-image-417\" alt=\"\" srcset=\"https:\/\/fundacionkairos.org\/wp-content\/uploads\/2025\/07\/LOGO-SAN-CARLOS-LWANGA-1024x1024.png 1024w, https:\/\/fundacionkairos.org\/wp-content\/uploads\/2025\/07\/LOGO-SAN-CARLOS-LWANGA-300x300.png 300w, https:\/\/fundacionkairos.org\/wp-content\/uploads\/2025\/07\/LOGO-SAN-CARLOS-LWANGA-150x150.png 150w, https:\/\/fundacionkairos.org\/wp-content\/uploads\/2025\/07\/LOGO-SAN-CARLOS-LWANGA-768x768.png 768w, https:\/\/fundacionkairos.org\/wp-content\/uploads\/2025\/07\/LOGO-SAN-CARLOS-LWANGA-1536x1536.png 1536w, https:\/\/fundacionkairos.org\/wp-content\/uploads\/2025\/07\/LOGO-SAN-CARLOS-LWANGA-12x12.png 12w, https:\/\/fundacionkairos.org\/wp-content\/uploads\/2025\/07\/LOGO-SAN-CARLOS-LWANGA.png 1701w\" sizes=\"(max-width: 800px) 100vw, 800px\" \/>\t\t\t\t\t\t\t\t\t\t\t\t\t\t\t<\/div>\n\t\t\t\t<\/div>\n\t\t\t\t<\/div>\n\t\t<div class=\"elementor-element elementor-element-e5d2aa9 e-con-full e-flex e-con e-child\" data-id=\"e5d2aa9\" data-element_type=\"container\">\n\t\t\t\t<div class=\"elementor-element elementor-element-e2023e4 elementor-widget elementor-widget-text-editor\" data-id=\"e2023e4\" data-element_type=\"widget\" data-widget_type=\"text-editor.default\">\n\t\t\t\t<div class=\"elementor-widget-container\">\n\t\t\t\t\t\t\t\t\t<p><strong>AMIE code:<\/strong> 09h02282<br \/><strong>Address:<\/strong> Coop. Independencia 1 av. 25 mz.0243 &#8211; 6<br \/><strong>Parish:<\/strong> Ximena<br \/><strong>Phone:<\/strong> 0979211693<br \/><strong>Shift:<\/strong> Morning (7h00 \u2013 12h30)<\/p>\t\t\t\t\t\t\t\t<\/div>\n\t\t\t\t<\/div>\n\t\t\t\t<div class=\"elementor-element elementor-element-0aafde2 elementor-widget elementor-widget-heading\" data-id=\"0aafde2\" data-element_type=\"widget\" data-widget_type=\"heading.default\">\n\t\t\t\t<div class=\"elementor-widget-container\">\n\t\t\t\t\t<h3 class=\"elementor-heading-title elementor-size-default\">Educational levels offered by the institution:<\/h3>\t\t\t\t<\/div>\n\t\t\t\t<\/div>\n\t\t\t\t<div class=\"elementor-element elementor-element-2c16d74 elementor-widget elementor-widget-text-editor\" data-id=\"2c16d74\" data-element_type=\"widget\" data-widget_type=\"text-editor.default\">\n\t\t\t\t<div class=\"elementor-widget-container\">\n\t\t\t\t\t\t\t\t\t<ul><li>Initial<\/li><li>Basic elementary and secondary general education.<\/li><\/ul>\t\t\t\t\t\t\t\t<\/div>\n\t\t\t\t<\/div>\n\t\t\t\t<\/div>\n\t\t\t\t<\/div>\n\t\t<div class=\"elementor-element elementor-element-418a3b8 e-con-full e-flex e-con e-child\" data-id=\"418a3b8\" data-element_type=\"container\">\n\t\t<div class=\"elementor-element elementor-element-e031e44 e-con-full e-flex e-con e-child\" data-id=\"e031e44\" data-element_type=\"container\">\n\t\t\t\t<div class=\"elementor-element elementor-element-26ddfbc elementor-widget elementor-widget-heading\" data-id=\"26ddfbc\" data-element_type=\"widget\" data-widget_type=\"heading.default\">\n\t\t\t\t<div class=\"elementor-widget-container\">\n\t\t\t\t\t<h3 class=\"elementor-heading-title elementor-size-default\">Vision<\/h3>\t\t\t\t<\/div>\n\t\t\t\t<\/div>\n\t\t\t\t<div class=\"elementor-element elementor-element-a1b63ec elementor-widget elementor-widget-text-editor\" data-id=\"a1b63ec\" data-element_type=\"widget\" data-widget_type=\"text-editor.default\">\n\t\t\t\t<div class=\"elementor-widget-container\">\n\t\t\t\t\t\t\t\t\t<p>To be an educational institution that provides a comprehensive education focused on students' academic, personal, and social development. We seek to develop citizens committed to their community, with strong ethical and moral values, and the skills necessary to face the challenges of today's world.<\/p>\t\t\t\t\t\t\t\t<\/div>\n\t\t\t\t<\/div>\n\t\t\t\t<div class=\"elementor-element elementor-element-b294d86 elementor-widget elementor-widget-heading\" data-id=\"b294d86\" data-element_type=\"widget\" data-widget_type=\"heading.default\">\n\t\t\t\t<div class=\"elementor-widget-container\">\n\t\t\t\t\t<h3 class=\"elementor-heading-title elementor-size-default\">Mission<\/h3>\t\t\t\t<\/div>\n\t\t\t\t<\/div>\n\t\t\t\t<div class=\"elementor-element elementor-element-6cf2aef elementor-widget elementor-widget-text-editor\" data-id=\"6cf2aef\" data-element_type=\"widget\" data-widget_type=\"text-editor.default\">\n\t\t\t\t<div class=\"elementor-widget-container\">\n\t\t\t\t\t\t\t\t\t<p>We aim to become an educational benchmark in the community, standing out for the innovation of our academic programs, the implementation of flexible teaching-learning methodologies tailored to the needs of our students, and the commitment of our educational community.We aim to become an educational benchmark in the community, standing out for the innovation of our academic programs, the implementation of flexible teaching-learning methodologies tailored to the needs of our students, and the commitment of our educational community.<\/p>\t\t\t\t\t\t\t\t<\/div>\n\t\t\t\t<\/div>\n\t\t\t\t<\/div>\n\t\t<div class=\"elementor-element elementor-element-e7513a2 e-con-full e-flex e-con e-child\" data-id=\"e7513a2\" data-element_type=\"container\">\n\t\t\t\t<div class=\"elementor-element elementor-element-25bf830 elementor-widget__width-initial elementor-widget-mobile__width-initial elementor-widget elementor-widget-image\" data-id=\"25bf830\" data-element_type=\"widget\" data-widget_type=\"image.default\">\n\t\t\t\t<div class=\"elementor-widget-container\">\n\t\t\t\t\t\t\t\t\t\t\t\t\t\t\t<img decoding=\"async\" width=\"800\" height=\"859\" src=\"https:\/\/fundacionkairos.org\/wp-content\/uploads\/2025\/07\/lwanga-954x1024.png\" class=\"attachment-large size-large wp-image-422\" alt=\"\" srcset=\"https:\/\/fundacionkairos.org\/wp-content\/uploads\/2025\/07\/lwanga-954x1024.png 954w, https:\/\/fundacionkairos.org\/wp-content\/uploads\/2025\/07\/lwanga-280x300.png 280w, https:\/\/fundacionkairos.org\/wp-content\/uploads\/2025\/07\/lwanga-768x824.png 768w, https:\/\/fundacionkairos.org\/wp-content\/uploads\/2025\/07\/lwanga-1431x1536.png 1431w, https:\/\/fundacionkairos.org\/wp-content\/uploads\/2025\/07\/lwanga-11x12.png 11w, https:\/\/fundacionkairos.org\/wp-content\/uploads\/2025\/07\/lwanga.png 1478w\" sizes=\"(max-width: 800px) 100vw, 800px\" \/>\t\t\t\t\t\t\t\t\t\t\t\t\t\t\t<\/div>\n\t\t\t\t<\/div>\n\t\t\t\t<\/div>\n\t\t\t\t<\/div>\n\t\t\t\t<\/div>\n\t\t\t\t\t<\/div>\n\t\t\t\t<\/div>\n\t\t<div class=\"elementor-element elementor-element-8bf74fd e-flex e-con-boxed e-con e-parent\" data-id=\"8bf74fd\" data-element_type=\"container\" id=\"eufrasia\">\n\t\t\t\t\t<div class=\"e-con-inner\">\n\t\t\t\t<div class=\"elementor-element elementor-element-a70c61c elementor-widget elementor-widget-heading\" data-id=\"a70c61c\" data-element_type=\"widget\" data-widget_type=\"heading.default\">\n\t\t\t\t<div class=\"elementor-widget-container\">\n\t\t\t\t\t<h2 class=\"elementor-heading-title elementor-size-default\">Fiscomisional Basic Education School Santa Mar\u00eda Eufrasia<\/h2>\t\t\t\t<\/div>\n\t\t\t\t<\/div>\n\t\t<div class=\"elementor-element elementor-element-ed4b9b8 e-con-full e-flex e-con e-child\" data-id=\"ed4b9b8\" data-element_type=\"container\">\n\t\t<div class=\"elementor-element elementor-element-d3fc1d3 e-con-full e-flex e-con e-child\" data-id=\"d3fc1d3\" data-element_type=\"container\">\n\t\t<div class=\"elementor-element elementor-element-319e8c1 e-con-full e-flex e-con e-child\" data-id=\"319e8c1\" data-element_type=\"container\">\n\t\t\t\t<div class=\"elementor-element elementor-element-f828a23 elementor-widget__width-initial elementor-widget elementor-widget-image\" data-id=\"f828a23\" data-element_type=\"widget\" data-widget_type=\"image.default\">\n\t\t\t\t<div class=\"elementor-widget-container\">\n\t\t\t\t\t\t\t\t\t\t\t\t\t\t\t<img decoding=\"async\" width=\"800\" height=\"800\" src=\"https:\/\/fundacionkairos.org\/wp-content\/uploads\/2025\/07\/LOGO-SANTA-MARIA-EUFRASIA-1024x1024.png\" class=\"attachment-large size-large wp-image-436\" alt=\"\" srcset=\"https:\/\/fundacionkairos.org\/wp-content\/uploads\/2025\/07\/LOGO-SANTA-MARIA-EUFRASIA-1024x1024.png 1024w, https:\/\/fundacionkairos.org\/wp-content\/uploads\/2025\/07\/LOGO-SANTA-MARIA-EUFRASIA-300x300.png 300w, https:\/\/fundacionkairos.org\/wp-content\/uploads\/2025\/07\/LOGO-SANTA-MARIA-EUFRASIA-150x150.png 150w, https:\/\/fundacionkairos.org\/wp-content\/uploads\/2025\/07\/LOGO-SANTA-MARIA-EUFRASIA-768x768.png 768w, https:\/\/fundacionkairos.org\/wp-content\/uploads\/2025\/07\/LOGO-SANTA-MARIA-EUFRASIA-1536x1536.png 1536w, https:\/\/fundacionkairos.org\/wp-content\/uploads\/2025\/07\/LOGO-SANTA-MARIA-EUFRASIA-12x12.png 12w, https:\/\/fundacionkairos.org\/wp-content\/uploads\/2025\/07\/LOGO-SANTA-MARIA-EUFRASIA.png 1701w\" sizes=\"(max-width: 800px) 100vw, 800px\" \/>\t\t\t\t\t\t\t\t\t\t\t\t\t\t\t<\/div>\n\t\t\t\t<\/div>\n\t\t\t\t<\/div>\n\t\t<div class=\"elementor-element elementor-element-82df3a9 e-con-full e-flex e-con e-child\" data-id=\"82df3a9\" data-element_type=\"container\">\n\t\t\t\t<div class=\"elementor-element elementor-element-35af0e9 elementor-widget elementor-widget-text-editor\" data-id=\"35af0e9\" data-element_type=\"widget\" data-widget_type=\"text-editor.default\">\n\t\t\t\t<div class=\"elementor-widget-container\">\n\t\t\t\t\t\t\t\t\t<p><strong>AMIE code:<\/strong> 09H02236<br \/><strong>Address: <\/strong>Coop. Brisas del salado mz.683 Sl.12<br \/><strong>Parish:<\/strong> Ximena<br \/><strong>Phone: <\/strong>2-601793<br \/><strong>Shift:<\/strong> Morning (7h00 \u2013 12h45)<\/p>\t\t\t\t\t\t\t\t<\/div>\n\t\t\t\t<\/div>\n\t\t\t\t<div class=\"elementor-element elementor-element-b8a57a1 elementor-widget elementor-widget-heading\" data-id=\"b8a57a1\" data-element_type=\"widget\" data-widget_type=\"heading.default\">\n\t\t\t\t<div class=\"elementor-widget-container\">\n\t\t\t\t\t<h3 class=\"elementor-heading-title elementor-size-default\">Educational levels offered by the institution:<\/h3>\t\t\t\t<\/div>\n\t\t\t\t<\/div>\n\t\t\t\t<div class=\"elementor-element elementor-element-1e00292 elementor-widget elementor-widget-text-editor\" data-id=\"1e00292\" data-element_type=\"widget\" data-widget_type=\"text-editor.default\">\n\t\t\t\t<div class=\"elementor-widget-container\">\n\t\t\t\t\t\t\t\t\t<ul><li>Initial<\/li><li>Basic general education<\/li><\/ul>\t\t\t\t\t\t\t\t<\/div>\n\t\t\t\t<\/div>\n\t\t\t\t<\/div>\n\t\t\t\t<\/div>\n\t\t<div class=\"elementor-element elementor-element-c20a10c e-con-full e-flex e-con e-child\" data-id=\"c20a10c\" data-element_type=\"container\">\n\t\t<div class=\"elementor-element elementor-element-b56e68d e-con-full e-flex e-con e-child\" data-id=\"b56e68d\" data-element_type=\"container\">\n\t\t\t\t<div class=\"elementor-element elementor-element-735b800 elementor-widget elementor-widget-heading\" data-id=\"735b800\" data-element_type=\"widget\" data-widget_type=\"heading.default\">\n\t\t\t\t<div class=\"elementor-widget-container\">\n\t\t\t\t\t<h3 class=\"elementor-heading-title elementor-size-default\">Vision<\/h3>\t\t\t\t<\/div>\n\t\t\t\t<\/div>\n\t\t\t\t<div class=\"elementor-element elementor-element-fe22b07 elementor-widget elementor-widget-text-editor\" data-id=\"fe22b07\" data-element_type=\"widget\" data-widget_type=\"text-editor.default\">\n\t\t\t\t<div class=\"elementor-widget-container\">\n\t\t\t\t\t\t\t\t\t<p>To be an educational institution with quality and warmth, operating in an organized manner with an effective communication system; clearly defining functions and developing youth with leadership qualities to respond to the multiethnic and pluricultural reality, responding to the needs of the country; emphasizing the development of strategies that lead social and socioeconomic changes at the national level, always based on moral and Christian education, understanding, respecting, and valuing the natural and social environment in which they operate as the common home of all.<\/p>\t\t\t\t\t\t\t\t<\/div>\n\t\t\t\t<\/div>\n\t\t\t\t<div class=\"elementor-element elementor-element-8b82260 elementor-widget elementor-widget-heading\" data-id=\"8b82260\" data-element_type=\"widget\" data-widget_type=\"heading.default\">\n\t\t\t\t<div class=\"elementor-widget-container\">\n\t\t\t\t\t<h3 class=\"elementor-heading-title elementor-size-default\">Mission<\/h3>\t\t\t\t<\/div>\n\t\t\t\t<\/div>\n\t\t\t\t<div class=\"elementor-element elementor-element-1204e0c elementor-widget elementor-widget-text-editor\" data-id=\"1204e0c\" data-element_type=\"widget\" data-widget_type=\"text-editor.default\">\n\t\t\t\t<div class=\"elementor-widget-container\">\n\t\t\t\t\t\t\t\t\t<p>To develop entrepreneurial spirits with an inclusive and intercultural pedagogical approach, aligned with the demands of a knowledge and information society, and with high national and international standards; training well-rounded and upright young people with ethical and moral values \u200b\u200bso they can develop successfully, with quality and warmth, ensuring their development in a healthy environment.<\/p>\t\t\t\t\t\t\t\t<\/div>\n\t\t\t\t<\/div>\n\t\t\t\t<\/div>\n\t\t<div class=\"elementor-element elementor-element-63d64bf e-con-full e-flex e-con e-child\" data-id=\"63d64bf\" data-element_type=\"container\">\n\t\t\t\t<div class=\"elementor-element elementor-element-b9e1259 elementor-widget__width-initial elementor-widget-mobile__width-initial elementor-widget elementor-widget-image\" data-id=\"b9e1259\" data-element_type=\"widget\" data-widget_type=\"image.default\">\n\t\t\t\t<div class=\"elementor-widget-container\">\n\t\t\t\t\t\t\t\t\t\t\t\t\t\t\t<img loading=\"lazy\" decoding=\"async\" width=\"800\" height=\"859\" src=\"https:\/\/fundacionkairos.org\/wp-content\/uploads\/2025\/07\/eufrasia-954x1024.png\" class=\"attachment-large size-large wp-image-437\" alt=\"\" srcset=\"https:\/\/fundacionkairos.org\/wp-content\/uploads\/2025\/07\/eufrasia-954x1024.png 954w, https:\/\/fundacionkairos.org\/wp-content\/uploads\/2025\/07\/eufrasia-280x300.png 280w, https:\/\/fundacionkairos.org\/wp-content\/uploads\/2025\/07\/eufrasia-768x824.png 768w, https:\/\/fundacionkairos.org\/wp-content\/uploads\/2025\/07\/eufrasia-1431x1536.png 1431w, https:\/\/fundacionkairos.org\/wp-content\/uploads\/2025\/07\/eufrasia-11x12.png 11w, https:\/\/fundacionkairos.org\/wp-content\/uploads\/2025\/07\/eufrasia.png 1478w\" sizes=\"(max-width: 800px) 100vw, 800px\" \/>\t\t\t\t\t\t\t\t\t\t\t\t\t\t\t<\/div>\n\t\t\t\t<\/div>\n\t\t\t\t<\/div>\n\t\t\t\t<\/div>\n\t\t\t\t<\/div>\n\t\t\t\t\t<\/div>\n\t\t\t\t<\/div>\n\t\t<div class=\"elementor-element elementor-element-5b02cc7 e-flex e-con-boxed e-con e-parent\" data-id=\"5b02cc7\" data-element_type=\"container\" id=\"simon\">\n\t\t\t\t\t<div class=\"e-con-inner\">\n\t\t\t\t<div class=\"elementor-element elementor-element-30aef38 elementor-widget elementor-widget-heading\" data-id=\"30aef38\" data-element_type=\"widget\" data-widget_type=\"heading.default\">\n\t\t\t\t<div class=\"elementor-widget-container\">\n\t\t\t\t\t<h2 class=\"elementor-heading-title elementor-size-default\">Private School of Basic Education Padre Sim\u00f3n Amigo del Mill\u00f3n<\/h2>\t\t\t\t<\/div>\n\t\t\t\t<\/div>\n\t\t<div class=\"elementor-element elementor-element-1c0780e e-con-full e-flex e-con e-child\" data-id=\"1c0780e\" data-element_type=\"container\">\n\t\t<div class=\"elementor-element elementor-element-c7e105d e-con-full e-flex e-con e-child\" data-id=\"c7e105d\" data-element_type=\"container\">\n\t\t<div class=\"elementor-element elementor-element-827c5cb e-con-full e-flex e-con e-child\" data-id=\"827c5cb\" data-element_type=\"container\">\n\t\t\t\t<div class=\"elementor-element elementor-element-6bad865 elementor-widget__width-initial elementor-widget elementor-widget-image\" data-id=\"6bad865\" data-element_type=\"widget\" data-widget_type=\"image.default\">\n\t\t\t\t<div class=\"elementor-widget-container\">\n\t\t\t\t\t\t\t\t\t\t\t\t\t\t\t<img loading=\"lazy\" decoding=\"async\" width=\"800\" height=\"800\" src=\"https:\/\/fundacionkairos.org\/wp-content\/uploads\/2025\/07\/LOGO-PADRE-SIMON-AMIGO-DEL-MILLON-PNG-1024x1024.png\" class=\"attachment-large size-large wp-image-442\" alt=\"\" srcset=\"https:\/\/fundacionkairos.org\/wp-content\/uploads\/2025\/07\/LOGO-PADRE-SIMON-AMIGO-DEL-MILLON-PNG-1024x1024.png 1024w, https:\/\/fundacionkairos.org\/wp-content\/uploads\/2025\/07\/LOGO-PADRE-SIMON-AMIGO-DEL-MILLON-PNG-300x300.png 300w, https:\/\/fundacionkairos.org\/wp-content\/uploads\/2025\/07\/LOGO-PADRE-SIMON-AMIGO-DEL-MILLON-PNG-150x150.png 150w, https:\/\/fundacionkairos.org\/wp-content\/uploads\/2025\/07\/LOGO-PADRE-SIMON-AMIGO-DEL-MILLON-PNG-768x768.png 768w, https:\/\/fundacionkairos.org\/wp-content\/uploads\/2025\/07\/LOGO-PADRE-SIMON-AMIGO-DEL-MILLON-PNG-1536x1536.png 1536w, https:\/\/fundacionkairos.org\/wp-content\/uploads\/2025\/07\/LOGO-PADRE-SIMON-AMIGO-DEL-MILLON-PNG-12x12.png 12w, https:\/\/fundacionkairos.org\/wp-content\/uploads\/2025\/07\/LOGO-PADRE-SIMON-AMIGO-DEL-MILLON-PNG.png 1701w\" sizes=\"(max-width: 800px) 100vw, 800px\" \/>\t\t\t\t\t\t\t\t\t\t\t\t\t\t\t<\/div>\n\t\t\t\t<\/div>\n\t\t\t\t<\/div>\n\t\t<div class=\"elementor-element elementor-element-d4715be e-con-full e-flex e-con e-child\" data-id=\"d4715be\" data-element_type=\"container\">\n\t\t\t\t<div class=\"elementor-element elementor-element-eba18ed elementor-widget elementor-widget-text-editor\" data-id=\"eba18ed\" data-element_type=\"widget\" data-widget_type=\"text-editor.default\">\n\t\t\t\t<div class=\"elementor-widget-container\">\n\t\t\t\t\t\t\t\t\t<p><strong>AMIE code:<\/strong> 09H06225<br \/><strong>Address: <\/strong>Coop. 22 de abril Mz.25 Sl.4<br \/><strong>Parish:<\/strong> Pascuales<br \/><strong>Phone: <\/strong>2-603217 EXT. 111<br \/><strong>Shift:<\/strong> Morning (7h10 \u2013 13h10)<\/p>\t\t\t\t\t\t\t\t<\/div>\n\t\t\t\t<\/div>\n\t\t\t\t<div class=\"elementor-element elementor-element-d3d86bd elementor-widget elementor-widget-heading\" data-id=\"d3d86bd\" data-element_type=\"widget\" data-widget_type=\"heading.default\">\n\t\t\t\t<div class=\"elementor-widget-container\">\n\t\t\t\t\t<h3 class=\"elementor-heading-title elementor-size-default\">Educational levels offered by the institution:<\/h3>\t\t\t\t<\/div>\n\t\t\t\t<\/div>\n\t\t\t\t<div class=\"elementor-element elementor-element-35d2781 elementor-widget elementor-widget-text-editor\" data-id=\"35d2781\" data-element_type=\"widget\" data-widget_type=\"text-editor.default\">\n\t\t\t\t<div class=\"elementor-widget-container\">\n\t\t\t\t\t\t\t\t\t<ul><li>Initial<\/li><li>Basic general education<\/li><\/ul>\t\t\t\t\t\t\t\t<\/div>\n\t\t\t\t<\/div>\n\t\t\t\t<\/div>\n\t\t\t\t<\/div>\n\t\t<div class=\"elementor-element elementor-element-751e3d2 e-con-full e-flex e-con e-child\" data-id=\"751e3d2\" data-element_type=\"container\">\n\t\t<div class=\"elementor-element elementor-element-8940ef9 e-con-full e-flex e-con e-child\" data-id=\"8940ef9\" data-element_type=\"container\">\n\t\t\t\t<div class=\"elementor-element elementor-element-c391087 elementor-widget elementor-widget-heading\" data-id=\"c391087\" data-element_type=\"widget\" data-widget_type=\"heading.default\">\n\t\t\t\t<div class=\"elementor-widget-container\">\n\t\t\t\t\t<h3 class=\"elementor-heading-title elementor-size-default\">Vision<\/h3>\t\t\t\t<\/div>\n\t\t\t\t<\/div>\n\t\t\t\t<div class=\"elementor-element elementor-element-0e5ca08 elementor-widget elementor-widget-text-editor\" data-id=\"0e5ca08\" data-element_type=\"widget\" data-widget_type=\"text-editor.default\">\n\t\t\t\t<div class=\"elementor-widget-container\">\n\t\t\t\t\t\t\t\t\t<p>To be an educational institution with quality and warmth, operating in an organized manner with an effective communication system; clearly defining functions and developing youth with leadership qualities to respond to the multiethnic and pluricultural reality, responding to the needs of the country; emphasizing the development of strategies that lead social and socioeconomic changes at the national level, always based on moral and Christian education, understanding, respecting, and valuing the natural and social environment in which they operate as the common home of all.<\/p>\t\t\t\t\t\t\t\t<\/div>\n\t\t\t\t<\/div>\n\t\t\t\t<div class=\"elementor-element elementor-element-cf0b980 elementor-widget elementor-widget-heading\" data-id=\"cf0b980\" data-element_type=\"widget\" data-widget_type=\"heading.default\">\n\t\t\t\t<div class=\"elementor-widget-container\">\n\t\t\t\t\t<h3 class=\"elementor-heading-title elementor-size-default\">Mission<\/h3>\t\t\t\t<\/div>\n\t\t\t\t<\/div>\n\t\t\t\t<div class=\"elementor-element elementor-element-c1931a0 elementor-widget elementor-widget-text-editor\" data-id=\"c1931a0\" data-element_type=\"widget\" data-widget_type=\"text-editor.default\">\n\t\t\t\t<div class=\"elementor-widget-container\">\n\t\t\t\t\t\t\t\t\t<p>To develop entrepreneurial spirits with an inclusive and intercultural pedagogical approach, aligned with the demands of a knowledge and information society, and with high national and international standards; training well-rounded and upright young people with ethical and moral values \u200b\u200bso they can develop successfully, with quality and warmth, ensuring their development in a healthy environment.<\/p>\t\t\t\t\t\t\t\t<\/div>\n\t\t\t\t<\/div>\n\t\t\t\t<\/div>\n\t\t<div class=\"elementor-element elementor-element-175fec3 e-con-full e-flex e-con e-child\" data-id=\"175fec3\" data-element_type=\"container\">\n\t\t\t\t<div class=\"elementor-element elementor-element-21b51fe elementor-widget__width-initial elementor-widget-mobile__width-initial elementor-widget elementor-widget-image\" data-id=\"21b51fe\" data-element_type=\"widget\" data-widget_type=\"image.default\">\n\t\t\t\t<div class=\"elementor-widget-container\">\n\t\t\t\t\t\t\t\t\t\t\t\t\t\t\t<img loading=\"lazy\" decoding=\"async\" width=\"800\" height=\"809\" src=\"https:\/\/fundacionkairos.org\/wp-content\/uploads\/2025\/07\/padre-simon-1013x1024.png\" class=\"attachment-large size-large wp-image-447\" alt=\"\" srcset=\"https:\/\/fundacionkairos.org\/wp-content\/uploads\/2025\/07\/padre-simon-1013x1024.png 1013w, https:\/\/fundacionkairos.org\/wp-content\/uploads\/2025\/07\/padre-simon-297x300.png 297w, https:\/\/fundacionkairos.org\/wp-content\/uploads\/2025\/07\/padre-simon-768x776.png 768w, https:\/\/fundacionkairos.org\/wp-content\/uploads\/2025\/07\/padre-simon-1520x1536.png 1520w, https:\/\/fundacionkairos.org\/wp-content\/uploads\/2025\/07\/padre-simon-12x12.png 12w, https:\/\/fundacionkairos.org\/wp-content\/uploads\/2025\/07\/padre-simon.png 1569w\" sizes=\"(max-width: 800px) 100vw, 800px\" \/>\t\t\t\t\t\t\t\t\t\t\t\t\t\t\t<\/div>\n\t\t\t\t<\/div>\n\t\t\t\t<\/div>\n\t\t\t\t<\/div>\n\t\t\t\t<\/div>\n\t\t\t\t\t<\/div>\n\t\t\t\t<\/div>\n\t\t<div class=\"elementor-element elementor-element-0a3e092 e-flex e-con-boxed e-con e-parent\" data-id=\"0a3e092\" data-element_type=\"container\" id=\"jeremias\">\n\t\t\t\t\t<div class=\"e-con-inner\">\n\t\t\t\t<div class=\"elementor-element elementor-element-db170b9 elementor-widget elementor-widget-heading\" data-id=\"db170b9\" data-element_type=\"widget\" data-widget_type=\"heading.default\">\n\t\t\t\t<div class=\"elementor-widget-container\">\n\t\t\t\t\t<h2 class=\"elementor-heading-title elementor-size-default\">Fiscomisional Educational Unit El Profeta Jerem\u00edas<\/h2>\t\t\t\t<\/div>\n\t\t\t\t<\/div>\n\t\t<div class=\"elementor-element elementor-element-524d9b0 e-con-full e-flex e-con e-child\" data-id=\"524d9b0\" data-element_type=\"container\">\n\t\t<div class=\"elementor-element elementor-element-f75586f e-con-full e-flex e-con e-child\" data-id=\"f75586f\" data-element_type=\"container\">\n\t\t<div class=\"elementor-element elementor-element-e8308e9 e-con-full e-flex e-con e-child\" data-id=\"e8308e9\" data-element_type=\"container\">\n\t\t\t\t<div class=\"elementor-element elementor-element-5df5fe8 elementor-widget__width-initial elementor-widget elementor-widget-image\" data-id=\"5df5fe8\" data-element_type=\"widget\" data-widget_type=\"image.default\">\n\t\t\t\t<div class=\"elementor-widget-container\">\n\t\t\t\t\t\t\t\t\t\t\t\t\t\t\t<img loading=\"lazy\" decoding=\"async\" width=\"800\" height=\"800\" src=\"https:\/\/fundacionkairos.org\/wp-content\/uploads\/2025\/07\/LOGO-PROFETA-JEREMIAS-1024x1024.png\" class=\"attachment-large size-large wp-image-453\" alt=\"\" srcset=\"https:\/\/fundacionkairos.org\/wp-content\/uploads\/2025\/07\/LOGO-PROFETA-JEREMIAS-1024x1024.png 1024w, https:\/\/fundacionkairos.org\/wp-content\/uploads\/2025\/07\/LOGO-PROFETA-JEREMIAS-300x300.png 300w, https:\/\/fundacionkairos.org\/wp-content\/uploads\/2025\/07\/LOGO-PROFETA-JEREMIAS-150x150.png 150w, https:\/\/fundacionkairos.org\/wp-content\/uploads\/2025\/07\/LOGO-PROFETA-JEREMIAS-768x768.png 768w, https:\/\/fundacionkairos.org\/wp-content\/uploads\/2025\/07\/LOGO-PROFETA-JEREMIAS-1536x1536.png 1536w, https:\/\/fundacionkairos.org\/wp-content\/uploads\/2025\/07\/LOGO-PROFETA-JEREMIAS-12x12.png 12w, https:\/\/fundacionkairos.org\/wp-content\/uploads\/2025\/07\/LOGO-PROFETA-JEREMIAS.png 1701w\" sizes=\"(max-width: 800px) 100vw, 800px\" \/>\t\t\t\t\t\t\t\t\t\t\t\t\t\t\t<\/div>\n\t\t\t\t<\/div>\n\t\t\t\t<\/div>\n\t\t<div class=\"elementor-element elementor-element-269ed72 e-con-full e-flex e-con e-child\" data-id=\"269ed72\" data-element_type=\"container\">\n\t\t\t\t<div class=\"elementor-element elementor-element-a24c8db elementor-widget elementor-widget-text-editor\" data-id=\"a24c8db\" data-element_type=\"widget\" data-widget_type=\"text-editor.default\">\n\t\t\t\t<div class=\"elementor-widget-container\">\n\t\t\t\t\t\t\t\t\t<p><strong>AMIE code:<\/strong> 09H06225<br \/><strong>Address: <\/strong>Coop. 22 de abril Mz.25 Sl.4<br \/><strong>Parish:<\/strong> Ximena<br \/><strong>Phone: <\/strong>4-2696028<br \/><strong>Shift:<\/strong> Morning (7h00 \u2013 12h30)<\/p>\t\t\t\t\t\t\t\t<\/div>\n\t\t\t\t<\/div>\n\t\t\t\t<div class=\"elementor-element elementor-element-a958985 elementor-widget elementor-widget-heading\" data-id=\"a958985\" data-element_type=\"widget\" data-widget_type=\"heading.default\">\n\t\t\t\t<div class=\"elementor-widget-container\">\n\t\t\t\t\t<h3 class=\"elementor-heading-title elementor-size-default\">Educational levels offered by the institution:<\/h3>\t\t\t\t<\/div>\n\t\t\t\t<\/div>\n\t\t\t\t<div class=\"elementor-element elementor-element-1b62482 elementor-widget elementor-widget-text-editor\" data-id=\"1b62482\" data-element_type=\"widget\" data-widget_type=\"text-editor.default\">\n\t\t\t\t<div class=\"elementor-widget-container\">\n\t\t\t\t\t\t\t\t\t<ul><li>Initial<\/li><li>Basic general education<\/li><li>Bachelorship<ul><li>In Sciences<\/li><li>In IT<\/li><li>In Accounting<\/li><\/ul><\/li><\/ul>\t\t\t\t\t\t\t\t<\/div>\n\t\t\t\t<\/div>\n\t\t\t\t<\/div>\n\t\t\t\t<\/div>\n\t\t<div class=\"elementor-element elementor-element-ff79c09 e-con-full e-flex e-con e-child\" data-id=\"ff79c09\" data-element_type=\"container\">\n\t\t<div class=\"elementor-element elementor-element-6930311 e-con-full e-flex e-con e-child\" data-id=\"6930311\" data-element_type=\"container\">\n\t\t\t\t<div class=\"elementor-element elementor-element-24b8d16 elementor-widget elementor-widget-heading\" data-id=\"24b8d16\" data-element_type=\"widget\" data-widget_type=\"heading.default\">\n\t\t\t\t<div class=\"elementor-widget-container\">\n\t\t\t\t\t<h3 class=\"elementor-heading-title elementor-size-default\">Vision<\/h3>\t\t\t\t<\/div>\n\t\t\t\t<\/div>\n\t\t\t\t<div class=\"elementor-element elementor-element-7971506 elementor-widget elementor-widget-text-editor\" data-id=\"7971506\" data-element_type=\"widget\" data-widget_type=\"text-editor.default\">\n\t\t\t\t<div class=\"elementor-widget-container\">\n\t\t\t\t\t\t\t\t\t<p>To be an educational institution with quality and warmth, operating in an organized manner with an effective communication system; clearly defining functions and developing youth with leadership qualities to respond to the multiethnic and pluricultural reality, responding to the needs of the country; emphasizing the development of strategies that lead social and socioeconomic changes at the national level, always based on moral and Christian education, understanding, respecting, and valuing the natural and social environment in which they operate as the common home of all.<\/p>\t\t\t\t\t\t\t\t<\/div>\n\t\t\t\t<\/div>\n\t\t\t\t<div class=\"elementor-element elementor-element-f305c55 elementor-widget elementor-widget-heading\" data-id=\"f305c55\" data-element_type=\"widget\" data-widget_type=\"heading.default\">\n\t\t\t\t<div class=\"elementor-widget-container\">\n\t\t\t\t\t<h3 class=\"elementor-heading-title elementor-size-default\">Mission<\/h3>\t\t\t\t<\/div>\n\t\t\t\t<\/div>\n\t\t\t\t<div class=\"elementor-element elementor-element-a69ad85 elementor-widget elementor-widget-text-editor\" data-id=\"a69ad85\" data-element_type=\"widget\" data-widget_type=\"text-editor.default\">\n\t\t\t\t<div class=\"elementor-widget-container\">\n\t\t\t\t\t\t\t\t\t<p>To develop entrepreneurial spirits with an inclusive and intercultural pedagogical approach, aligned with the demands of a knowledge and information society, and with high national and international standards; training well-rounded and upright young people with ethical and moral values \u200b\u200bso they can develop successfully, with quality and warmth, ensuring their development in a healthy environment.<\/p>\t\t\t\t\t\t\t\t<\/div>\n\t\t\t\t<\/div>\n\t\t\t\t<\/div>\n\t\t<div class=\"elementor-element elementor-element-0e0076b e-con-full e-flex e-con e-child\" data-id=\"0e0076b\" data-element_type=\"container\">\n\t\t\t\t<div class=\"elementor-element elementor-element-0f31d54 elementor-widget__width-initial elementor-widget-mobile__width-initial elementor-widget elementor-widget-image\" data-id=\"0f31d54\" data-element_type=\"widget\" data-widget_type=\"image.default\">\n\t\t\t\t<div class=\"elementor-widget-container\">\n\t\t\t\t\t\t\t\t\t\t\t\t\t\t\t<img loading=\"lazy\" decoding=\"async\" width=\"800\" height=\"809\" src=\"https:\/\/fundacionkairos.org\/wp-content\/uploads\/2025\/07\/jeremias-1013x1024.png\" class=\"attachment-large size-large wp-image-452\" alt=\"\" srcset=\"https:\/\/fundacionkairos.org\/wp-content\/uploads\/2025\/07\/jeremias-1013x1024.png 1013w, https:\/\/fundacionkairos.org\/wp-content\/uploads\/2025\/07\/jeremias-297x300.png 297w, https:\/\/fundacionkairos.org\/wp-content\/uploads\/2025\/07\/jeremias-768x776.png 768w, https:\/\/fundacionkairos.org\/wp-content\/uploads\/2025\/07\/jeremias-1520x1536.png 1520w, https:\/\/fundacionkairos.org\/wp-content\/uploads\/2025\/07\/jeremias-12x12.png 12w, https:\/\/fundacionkairos.org\/wp-content\/uploads\/2025\/07\/jeremias.png 1569w\" sizes=\"(max-width: 800px) 100vw, 800px\" \/>\t\t\t\t\t\t\t\t\t\t\t\t\t\t\t<\/div>\n\t\t\t\t<\/div>\n\t\t\t\t<\/div>\n\t\t\t\t<\/div>\n\t\t\t\t<\/div>\n\t\t\t\t\t<\/div>\n\t\t\t\t<\/div>\n\t\t<div class=\"elementor-element elementor-element-a3ee03c e-flex e-con-boxed e-con e-parent\" data-id=\"a3ee03c\" data-element_type=\"container\" id=\"montepaz\">\n\t\t\t\t\t<div class=\"e-con-inner\">\n\t\t\t\t<div class=\"elementor-element elementor-element-dfd21e3 elementor-widget elementor-widget-heading\" data-id=\"dfd21e3\" data-element_type=\"widget\" data-widget_type=\"heading.default\">\n\t\t\t\t<div class=\"elementor-widget-container\">\n\t\t\t\t\t<h2 class=\"elementor-heading-title elementor-size-default\">Fiscomisional Educational Unit Santa Mar\u00eda Monte de Paz<\/h2>\t\t\t\t<\/div>\n\t\t\t\t<\/div>\n\t\t<div class=\"elementor-element elementor-element-983e07c e-con-full e-flex e-con e-child\" data-id=\"983e07c\" data-element_type=\"container\">\n\t\t<div class=\"elementor-element elementor-element-2f8f3cd e-con-full e-flex e-con e-child\" data-id=\"2f8f3cd\" data-element_type=\"container\">\n\t\t<div class=\"elementor-element elementor-element-1aac575 e-con-full e-flex e-con e-child\" data-id=\"1aac575\" data-element_type=\"container\">\n\t\t\t\t<div class=\"elementor-element elementor-element-c2290de elementor-widget__width-initial elementor-widget elementor-widget-image\" data-id=\"c2290de\" data-element_type=\"widget\" data-widget_type=\"image.default\">\n\t\t\t\t<div class=\"elementor-widget-container\">\n\t\t\t\t\t\t\t\t\t\t\t\t\t\t\t<img loading=\"lazy\" decoding=\"async\" width=\"800\" height=\"800\" src=\"https:\/\/fundacionkairos.org\/wp-content\/uploads\/2025\/07\/LOGO-SANTA-MARIA-MONTE-DE-PAZ-1024x1024.png\" class=\"attachment-large size-large wp-image-460\" alt=\"\" srcset=\"https:\/\/fundacionkairos.org\/wp-content\/uploads\/2025\/07\/LOGO-SANTA-MARIA-MONTE-DE-PAZ-1024x1024.png 1024w, https:\/\/fundacionkairos.org\/wp-content\/uploads\/2025\/07\/LOGO-SANTA-MARIA-MONTE-DE-PAZ-300x300.png 300w, https:\/\/fundacionkairos.org\/wp-content\/uploads\/2025\/07\/LOGO-SANTA-MARIA-MONTE-DE-PAZ-150x150.png 150w, https:\/\/fundacionkairos.org\/wp-content\/uploads\/2025\/07\/LOGO-SANTA-MARIA-MONTE-DE-PAZ-768x768.png 768w, https:\/\/fundacionkairos.org\/wp-content\/uploads\/2025\/07\/LOGO-SANTA-MARIA-MONTE-DE-PAZ-1536x1536.png 1536w, https:\/\/fundacionkairos.org\/wp-content\/uploads\/2025\/07\/LOGO-SANTA-MARIA-MONTE-DE-PAZ-12x12.png 12w, https:\/\/fundacionkairos.org\/wp-content\/uploads\/2025\/07\/LOGO-SANTA-MARIA-MONTE-DE-PAZ.png 1701w\" sizes=\"(max-width: 800px) 100vw, 800px\" \/>\t\t\t\t\t\t\t\t\t\t\t\t\t\t\t<\/div>\n\t\t\t\t<\/div>\n\t\t\t\t<\/div>\n\t\t<div class=\"elementor-element elementor-element-13a52d9 e-con-full e-flex e-con e-child\" data-id=\"13a52d9\" data-element_type=\"container\">\n\t\t\t\t<div class=\"elementor-element elementor-element-d75de40 elementor-widget elementor-widget-text-editor\" data-id=\"d75de40\" data-element_type=\"widget\" data-widget_type=\"text-editor.default\">\n\t\t\t\t<div class=\"elementor-widget-container\">\n\t\t\t\t\t\t\t\t\t<p><strong>AMIE code:<\/strong> 09H06662<br \/><strong>Address: <\/strong>Cooperativa Realidad de Dios mz. 6316 Sl. 6<br \/><strong>Parish:<\/strong> Ximena<br \/><strong>Phone: <\/strong>4-2696028<br \/><strong>Shift:<\/strong> Morning (7h00 \u2013 12h30)<\/p>\t\t\t\t\t\t\t\t<\/div>\n\t\t\t\t<\/div>\n\t\t\t\t<div class=\"elementor-element elementor-element-d28f142 elementor-widget elementor-widget-heading\" data-id=\"d28f142\" data-element_type=\"widget\" data-widget_type=\"heading.default\">\n\t\t\t\t<div class=\"elementor-widget-container\">\n\t\t\t\t\t<h3 class=\"elementor-heading-title elementor-size-default\">Educational levels offered by the institution:<\/h3>\t\t\t\t<\/div>\n\t\t\t\t<\/div>\n\t\t\t\t<div class=\"elementor-element elementor-element-0f5efc1 elementor-widget elementor-widget-text-editor\" data-id=\"0f5efc1\" data-element_type=\"widget\" data-widget_type=\"text-editor.default\">\n\t\t\t\t<div class=\"elementor-widget-container\">\n\t\t\t\t\t\t\t\t\t<ul><li>Initial<\/li><li>Basic general education<\/li><li>Bachelorship<ul><li>In IT<\/li><\/ul><\/li><\/ul>\t\t\t\t\t\t\t\t<\/div>\n\t\t\t\t<\/div>\n\t\t\t\t<\/div>\n\t\t\t\t<\/div>\n\t\t<div class=\"elementor-element elementor-element-a2075cf e-con-full e-flex e-con e-child\" data-id=\"a2075cf\" data-element_type=\"container\">\n\t\t<div class=\"elementor-element elementor-element-ee4dd28 e-con-full e-flex e-con e-child\" data-id=\"ee4dd28\" data-element_type=\"container\">\n\t\t\t\t<div class=\"elementor-element elementor-element-dd0ab52 elementor-widget elementor-widget-heading\" data-id=\"dd0ab52\" data-element_type=\"widget\" data-widget_type=\"heading.default\">\n\t\t\t\t<div class=\"elementor-widget-container\">\n\t\t\t\t\t<h3 class=\"elementor-heading-title elementor-size-default\">Vision<\/h3>\t\t\t\t<\/div>\n\t\t\t\t<\/div>\n\t\t\t\t<div class=\"elementor-element elementor-element-a56f9d2 elementor-widget elementor-widget-text-editor\" data-id=\"a56f9d2\" data-element_type=\"widget\" data-widget_type=\"text-editor.default\">\n\t\t\t\t<div class=\"elementor-widget-container\">\n\t\t\t\t\t\t\t\t\t<p>The Santa Mar\u00eda Montes de Paz Educational Unit aims to be an educational institution of quality and warmth, operating in an organized manner and with an effective communication system. It seeks to clearly define the roles of each member of the community and to train young leaders capable of responding to the country's multiethnic and pluricultural reality, developing strategies to lead social and socioeconomic changes at the national level. All of this is based on a solid moral and Christian formation, with a profound respect and appreciation for the natural and social environment in which students develop, considered the common home of all.<\/p>\t\t\t\t\t\t\t\t<\/div>\n\t\t\t\t<\/div>\n\t\t\t\t<div class=\"elementor-element elementor-element-2cc15ca elementor-widget elementor-widget-heading\" data-id=\"2cc15ca\" data-element_type=\"widget\" data-widget_type=\"heading.default\">\n\t\t\t\t<div class=\"elementor-widget-container\">\n\t\t\t\t\t<h3 class=\"elementor-heading-title elementor-size-default\">Mission<\/h3>\t\t\t\t<\/div>\n\t\t\t\t<\/div>\n\t\t\t\t<div class=\"elementor-element elementor-element-12dc133 elementor-widget elementor-widget-text-editor\" data-id=\"12dc133\" data-element_type=\"widget\" data-widget_type=\"text-editor.default\">\n\t\t\t\t<div class=\"elementor-widget-container\">\n\t\t\t\t\t\t\t\t\t<p>The mission of the Santa Mar\u00eda Montes de Paz Educational Unit is to develop young entrepreneurs through an inclusive and intercultural pedagogical approach, in line with the demands of the knowledge society. The institution seeks to train well-rounded and upright students, with ethical and moral values, so that they can develop successfully, with quality and warmth, in a healthy environment that guarantees their personal and academic development. The objective is to prepare leaders who can contribute to the progress of their community and country, providing them with an education of excellence at the national and international level.<\/p>\t\t\t\t\t\t\t\t<\/div>\n\t\t\t\t<\/div>\n\t\t\t\t<\/div>\n\t\t<div class=\"elementor-element elementor-element-9817294 e-con-full e-flex e-con e-child\" data-id=\"9817294\" data-element_type=\"container\">\n\t\t\t\t<div class=\"elementor-element elementor-element-70cabbf elementor-widget__width-initial elementor-widget-mobile__width-initial elementor-widget elementor-widget-image\" data-id=\"70cabbf\" data-element_type=\"widget\" data-widget_type=\"image.default\">\n\t\t\t\t<div class=\"elementor-widget-container\">\n\t\t\t\t\t\t\t\t\t\t\t\t\t\t\t<img loading=\"lazy\" decoding=\"async\" width=\"800\" height=\"809\" src=\"https:\/\/fundacionkairos.org\/wp-content\/uploads\/2025\/07\/monte-de-paz-1013x1024.png\" class=\"attachment-large size-large wp-image-467\" alt=\"\" srcset=\"https:\/\/fundacionkairos.org\/wp-content\/uploads\/2025\/07\/monte-de-paz-1013x1024.png 1013w, https:\/\/fundacionkairos.org\/wp-content\/uploads\/2025\/07\/monte-de-paz-297x300.png 297w, https:\/\/fundacionkairos.org\/wp-content\/uploads\/2025\/07\/monte-de-paz-768x776.png 768w, https:\/\/fundacionkairos.org\/wp-content\/uploads\/2025\/07\/monte-de-paz-1520x1536.png 1520w, https:\/\/fundacionkairos.org\/wp-content\/uploads\/2025\/07\/monte-de-paz-12x12.png 12w, https:\/\/fundacionkairos.org\/wp-content\/uploads\/2025\/07\/monte-de-paz.png 1569w\" sizes=\"(max-width: 800px) 100vw, 800px\" \/>\t\t\t\t\t\t\t\t\t\t\t\t\t\t\t<\/div>\n\t\t\t\t<\/div>\n\t\t\t\t<\/div>\n\t\t\t\t<\/div>\n\t\t\t\t<\/div>\n\t\t\t\t\t<\/div>\n\t\t\t\t<\/div>\n\t\t<div class=\"elementor-element elementor-element-99ef7f0 e-flex e-con-boxed e-con e-parent\" data-id=\"99ef7f0\" data-element_type=\"container\" id=\"numael\">\n\t\t\t\t\t<div class=\"e-con-inner\">\n\t\t\t\t<div class=\"elementor-element elementor-element-5fe6825 elementor-widget elementor-widget-heading\" data-id=\"5fe6825\" data-element_type=\"widget\" data-widget_type=\"heading.default\">\n\t\t\t\t<div class=\"elementor-widget-container\">\n\t\t\t\t\t<h2 class=\"elementor-heading-title elementor-size-default\">Fiscomisional Basic Education School Padre Numael L\u00f3pez<\/h2>\t\t\t\t<\/div>\n\t\t\t\t<\/div>\n\t\t<div class=\"elementor-element elementor-element-ebc9785 e-con-full e-flex e-con e-child\" data-id=\"ebc9785\" data-element_type=\"container\">\n\t\t<div class=\"elementor-element elementor-element-e615aca e-con-full e-flex e-con e-child\" data-id=\"e615aca\" data-element_type=\"container\">\n\t\t<div class=\"elementor-element elementor-element-9dfe072 e-con-full e-flex e-con e-child\" data-id=\"9dfe072\" data-element_type=\"container\">\n\t\t\t\t<div class=\"elementor-element elementor-element-30049a9 elementor-widget__width-initial elementor-widget elementor-widget-image\" data-id=\"30049a9\" data-element_type=\"widget\" data-widget_type=\"image.default\">\n\t\t\t\t<div class=\"elementor-widget-container\">\n\t\t\t\t\t\t\t\t\t\t\t\t\t\t\t<img loading=\"lazy\" decoding=\"async\" width=\"800\" height=\"800\" src=\"https:\/\/fundacionkairos.org\/wp-content\/uploads\/2025\/07\/LOGO-PADRE-NUAMEL-LOPEZ-1024x1024.png\" class=\"attachment-large size-large wp-image-478\" alt=\"\" srcset=\"https:\/\/fundacionkairos.org\/wp-content\/uploads\/2025\/07\/LOGO-PADRE-NUAMEL-LOPEZ-1024x1024.png 1024w, https:\/\/fundacionkairos.org\/wp-content\/uploads\/2025\/07\/LOGO-PADRE-NUAMEL-LOPEZ-300x300.png 300w, https:\/\/fundacionkairos.org\/wp-content\/uploads\/2025\/07\/LOGO-PADRE-NUAMEL-LOPEZ-150x150.png 150w, https:\/\/fundacionkairos.org\/wp-content\/uploads\/2025\/07\/LOGO-PADRE-NUAMEL-LOPEZ-768x768.png 768w, https:\/\/fundacionkairos.org\/wp-content\/uploads\/2025\/07\/LOGO-PADRE-NUAMEL-LOPEZ-1536x1536.png 1536w, https:\/\/fundacionkairos.org\/wp-content\/uploads\/2025\/07\/LOGO-PADRE-NUAMEL-LOPEZ-12x12.png 12w, https:\/\/fundacionkairos.org\/wp-content\/uploads\/2025\/07\/LOGO-PADRE-NUAMEL-LOPEZ.png 1701w\" sizes=\"(max-width: 800px) 100vw, 800px\" \/>\t\t\t\t\t\t\t\t\t\t\t\t\t\t\t<\/div>\n\t\t\t\t<\/div>\n\t\t\t\t<\/div>\n\t\t<div class=\"elementor-element elementor-element-9c9dd06 e-con-full e-flex e-con e-child\" data-id=\"9c9dd06\" data-element_type=\"container\">\n\t\t\t\t<div class=\"elementor-element elementor-element-c07ed6d elementor-widget elementor-widget-text-editor\" data-id=\"c07ed6d\" data-element_type=\"widget\" data-widget_type=\"text-editor.default\">\n\t\t\t\t<div class=\"elementor-widget-container\">\n\t\t\t\t\t\t\t\t\t<p><strong>AMIE code:<\/strong> 09H02174<br \/><strong>Address:<\/strong>Coop. Che Guevara Mz 537 Sl 2<br \/><strong>Phone:\u00a0<\/strong>2-603217 ext 103 \/ 0982360075 \/ 0999067575<br \/><br \/><\/p>\t\t\t\t\t\t\t\t<\/div>\n\t\t\t\t<\/div>\n\t\t\t\t<div class=\"elementor-element elementor-element-acd45de elementor-widget elementor-widget-heading\" data-id=\"acd45de\" data-element_type=\"widget\" data-widget_type=\"heading.default\">\n\t\t\t\t<div class=\"elementor-widget-container\">\n\t\t\t\t\t<h3 class=\"elementor-heading-title elementor-size-default\">Educational levels offered by the institution:<\/h3>\t\t\t\t<\/div>\n\t\t\t\t<\/div>\n\t\t\t\t<div class=\"elementor-element elementor-element-46d9585 elementor-widget elementor-widget-text-editor\" data-id=\"46d9585\" data-element_type=\"widget\" data-widget_type=\"text-editor.default\">\n\t\t\t\t<div class=\"elementor-widget-container\">\n\t\t\t\t\t\t\t\t\t<ul><li><p>Sub-Nivel 2 de Educaci\u00f3n Inicial<\/p><\/li><li><p>First to Seventh Year of Basic General Education<\/p><\/li><\/ul>\t\t\t\t\t\t\t\t<\/div>\n\t\t\t\t<\/div>\n\t\t\t\t<\/div>\n\t\t\t\t<\/div>\n\t\t<div class=\"elementor-element elementor-element-4a80a34 e-con-full e-flex e-con e-child\" data-id=\"4a80a34\" data-element_type=\"container\">\n\t\t<div class=\"elementor-element elementor-element-a11bd55 e-con-full e-flex e-con e-child\" data-id=\"a11bd55\" data-element_type=\"container\">\n\t\t\t\t<div class=\"elementor-element elementor-element-43ddbd5 elementor-widget elementor-widget-heading\" data-id=\"43ddbd5\" data-element_type=\"widget\" data-widget_type=\"heading.default\">\n\t\t\t\t<div class=\"elementor-widget-container\">\n\t\t\t\t\t<h3 class=\"elementor-heading-title elementor-size-default\">Vision<\/h3>\t\t\t\t<\/div>\n\t\t\t\t<\/div>\n\t\t\t\t<div class=\"elementor-element elementor-element-da91e67 elementor-widget elementor-widget-text-editor\" data-id=\"da91e67\" data-element_type=\"widget\" data-widget_type=\"text-editor.default\">\n\t\t\t\t<div class=\"elementor-widget-container\">\n\t\t\t\t\t\t\t\t\t<p>To be an institution with a highly trained teaching staff, who work in accordance with technological advancements and utilize different methodological models to educate entrepreneurial boys and girls with a solid humanistic and multicultural foundation, mastery of science and technology, and capable of serving as examiners, with a comprehensive and inclusive educational-pedagogical model, adequate infrastructure, and innovative technology.<\/p>\t\t\t\t\t\t\t\t<\/div>\n\t\t\t\t<\/div>\n\t\t\t\t<div class=\"elementor-element elementor-element-e46046f elementor-widget elementor-widget-heading\" data-id=\"e46046f\" data-element_type=\"widget\" data-widget_type=\"heading.default\">\n\t\t\t\t<div class=\"elementor-widget-container\">\n\t\t\t\t\t<h3 class=\"elementor-heading-title elementor-size-default\">Mission<\/h3>\t\t\t\t<\/div>\n\t\t\t\t<\/div>\n\t\t\t\t<div class=\"elementor-element elementor-element-f31d2b9 elementor-widget elementor-widget-text-editor\" data-id=\"f31d2b9\" data-element_type=\"widget\" data-widget_type=\"text-editor.default\">\n\t\t\t\t<div class=\"elementor-widget-container\">\n\t\t\t\t\t\t\t\t\t<p>To be an institution, a leader in educational quality and excellence, to educate because it is our vocation and we are part of a society that needs to be guided by knowledge, discipline, and values, to contribute to the intellectual and sociocultural development of our country and to enable students to develop their intellectual capacities so that they become individuals with their own criteria and can solve everyday problems for the benefit of the entire educational community.<\/p>\t\t\t\t\t\t\t\t<\/div>\n\t\t\t\t<\/div>\n\t\t\t\t<\/div>\n\t\t<div class=\"elementor-element elementor-element-2c923e7 e-con-full e-flex e-con e-child\" data-id=\"2c923e7\" data-element_type=\"container\">\n\t\t\t\t<div class=\"elementor-element elementor-element-591c390 elementor-widget__width-initial elementor-widget-mobile__width-initial elementor-widget elementor-widget-image\" data-id=\"591c390\" data-element_type=\"widget\" data-widget_type=\"image.default\">\n\t\t\t\t<div class=\"elementor-widget-container\">\n\t\t\t\t\t\t\t\t\t\t\t\t\t\t\t<img loading=\"lazy\" decoding=\"async\" width=\"800\" height=\"809\" src=\"https:\/\/fundacionkairos.org\/wp-content\/uploads\/2025\/07\/padre-numael-1013x1024.png\" class=\"attachment-large size-large wp-image-477\" alt=\"\" srcset=\"https:\/\/fundacionkairos.org\/wp-content\/uploads\/2025\/07\/padre-numael-1013x1024.png 1013w, https:\/\/fundacionkairos.org\/wp-content\/uploads\/2025\/07\/padre-numael-297x300.png 297w, https:\/\/fundacionkairos.org\/wp-content\/uploads\/2025\/07\/padre-numael-768x776.png 768w, https:\/\/fundacionkairos.org\/wp-content\/uploads\/2025\/07\/padre-numael-1520x1536.png 1520w, https:\/\/fundacionkairos.org\/wp-content\/uploads\/2025\/07\/padre-numael-12x12.png 12w, https:\/\/fundacionkairos.org\/wp-content\/uploads\/2025\/07\/padre-numael.png 1569w\" sizes=\"(max-width: 800px) 100vw, 800px\" \/>\t\t\t\t\t\t\t\t\t\t\t\t\t\t\t<\/div>\n\t\t\t\t<\/div>\n\t\t\t\t<\/div>\n\t\t\t\t<\/div>\n\t\t\t\t<\/div>\n\t\t\t\t\t<\/div>\n\t\t\t\t<\/div>\n\t\t\t\t<\/div>","protected":false},"excerpt":{"rendered":"<p>Escuela De Educaci\u00f3n B\u00e1sica Fiscomisional San Carlos Lwanga C\u00f3digo AMIE: 09h02282Direcci\u00f3n: Coop. Independencia 1 av. 25 mz.0243 &#8211; 6Parroquia: XimenaTel\u00e9fono: 0979211693Jornada: Matutina (7h00 &#8211; 12h30) Niveles educativos que oferta la instituci\u00f3n: Inicial Educaci\u00f3n general b\u00e1sica elemental y media. Visi\u00f3n Ser una Instituci\u00f3n Educativa que proporcione una educaci\u00f3n integral, enfocada en el desarrollo acad\u00e9mico, personal y [&hellip;]<\/p>","protected":false},"author":1,"featured_media":0,"parent":0,"menu_order":0,"comment_status":"closed","ping_status":"closed","template":"elementor_header_footer","meta":{"footnotes":""},"class_list":["post-415","page","type-page","status-publish","hentry"],"_links":{"self":[{"href":"https:\/\/fundacionkairos.org\/en\/wp-json\/wp\/v2\/pages\/415","targetHints":{"allow":["GET"]}}],"collection":[{"href":"https:\/\/fundacionkairos.org\/en\/wp-json\/wp\/v2\/pages"}],"about":[{"href":"https:\/\/fundacionkairos.org\/en\/wp-json\/wp\/v2\/types\/page"}],"author":[{"embeddable":true,"href":"https:\/\/fundacionkairos.org\/en\/wp-json\/wp\/v2\/users\/1"}],"replies":[{"embeddable":true,"href":"https:\/\/fundacionkairos.org\/en\/wp-json\/wp\/v2\/comments?post=415"}],"version-history":[{"count":55,"href":"https:\/\/fundacionkairos.org\/en\/wp-json\/wp\/v2\/pages\/415\/revisions"}],"predecessor-version":[{"id":488,"href":"https:\/\/fundacionkairos.org\/en\/wp-json\/wp\/v2\/pages\/415\/revisions\/488"}],"wp:attachment":[{"href":"https:\/\/fundacionkairos.org\/en\/wp-json\/wp\/v2\/media?parent=415"}],"curies":[{"name":"wp","href":"https:\/\/api.w.org\/{rel}","templated":true}]}}