{"id":986,"date":"2025-09-02T15:54:20","date_gmt":"2025-09-02T20:54:20","guid":{"rendered":"https:\/\/fundacionkairos.org\/?page_id=986"},"modified":"2025-09-02T16:01:54","modified_gmt":"2025-09-02T21:01:54","slug":"noticias","status":"publish","type":"page","link":"https:\/\/fundacionkairos.org\/en\/noticias\/","title":{"rendered":"News"},"content":{"rendered":"<div data-elementor-type=\"wp-page\" data-elementor-id=\"986\" class=\"elementor elementor-986\" data-elementor-post-type=\"page\">\n\t\t\t\t<div class=\"elementor-element elementor-element-a41d352 e-flex e-con-boxed e-con e-parent\" data-id=\"a41d352\" data-element_type=\"container\">\n\t\t\t\t\t<div class=\"e-con-inner\">\n\t\t\t\t<div class=\"elementor-element elementor-element-154664e elementor-widget elementor-widget-heading\" data-id=\"154664e\" data-element_type=\"widget\" data-widget_type=\"heading.default\">\n\t\t\t\t<div class=\"elementor-widget-container\">\n\t\t\t\t\t<h2 class=\"elementor-heading-title elementor-size-default\">News<\/h2>\t\t\t\t<\/div>\n\t\t\t\t<\/div>\n\t\t\t\t\t<\/div>\n\t\t\t\t<\/div>\n\t\t<div class=\"elementor-element elementor-element-cf194fd e-flex e-con-boxed e-con e-parent\" data-id=\"cf194fd\" data-element_type=\"container\">\n\t\t\t\t\t<div class=\"e-con-inner\">\n\t\t\t\t<div class=\"elementor-element elementor-element-bde1d09 elementor-grid-3 elementor-grid-tablet-2 elementor-grid-mobile-1 elementor-posts--thumbnail-top elementor-posts--show-avatar elementor-card-shadow-yes elementor-posts__hover-gradient elementor-widget elementor-widget-posts\" data-id=\"bde1d09\" data-element_type=\"widget\" data-settings=\"{&quot;cards_columns&quot;:&quot;3&quot;,&quot;cards_columns_tablet&quot;:&quot;2&quot;,&quot;cards_columns_mobile&quot;:&quot;1&quot;,&quot;cards_row_gap&quot;:{&quot;unit&quot;:&quot;px&quot;,&quot;size&quot;:35,&quot;sizes&quot;:[]},&quot;cards_row_gap_tablet&quot;:{&quot;unit&quot;:&quot;px&quot;,&quot;size&quot;:&quot;&quot;,&quot;sizes&quot;:[]},&quot;cards_row_gap_mobile&quot;:{&quot;unit&quot;:&quot;px&quot;,&quot;size&quot;:&quot;&quot;,&quot;sizes&quot;:[]}}\" data-widget_type=\"posts.cards\">\n\t\t\t\t<div class=\"elementor-widget-container\">\n\t\t\t\t\t\t\t<div class=\"elementor-posts-container elementor-posts elementor-posts--skin-cards elementor-grid\" role=\"list\">\n\t\t\t\t<article class=\"elementor-post elementor-grid-item post-999 post type-post status-publish format-standard has-post-thumbnail hentry category-noticias\" role=\"listitem\">\n\t\t\t<div class=\"elementor-post__card\">\n\t\t\t\t<a class=\"elementor-post__thumbnail__link\" href=\"https:\/\/fundacionkairos.org\/en\/2023\/01\/19\/un-padre-desarrolla-campana-de-reciclaje\/\" tabindex=\"-1\" ><div class=\"elementor-post__thumbnail\"><img fetchpriority=\"high\" decoding=\"async\" width=\"300\" height=\"183\" src=\"https:\/\/fundacionkairos.org\/wp-content\/uploads\/2023\/01\/63c9ec6165716-300x183.jpeg\" class=\"attachment-medium size-medium wp-image-1002\" alt=\"\" srcset=\"https:\/\/fundacionkairos.org\/wp-content\/uploads\/2023\/01\/63c9ec6165716-300x183.jpeg 300w, https:\/\/fundacionkairos.org\/wp-content\/uploads\/2023\/01\/63c9ec6165716-768x470.jpeg 768w, https:\/\/fundacionkairos.org\/wp-content\/uploads\/2023\/01\/63c9ec6165716-18x12.jpeg 18w, https:\/\/fundacionkairos.org\/wp-content\/uploads\/2023\/01\/63c9ec6165716.jpeg 780w\" sizes=\"(max-width: 300px) 100vw, 300px\" \/><\/div><\/a>\n\t\t\t\t<div class=\"elementor-post__badge\">News<\/div>\n\t\t\t\t<div class=\"elementor-post__avatar\">\n\t\t\t<img alt='admin' src='https:\/\/secure.gravatar.com\/avatar\/6012cc0a587f8a1fd529f30d6b2f8450ca1dcd51cc33f5d49280faa02cf5c3b8?s=128&#038;d=mm&#038;r=g' srcset='https:\/\/secure.gravatar.com\/avatar\/6012cc0a587f8a1fd529f30d6b2f8450ca1dcd51cc33f5d49280faa02cf5c3b8?s=256&#038;d=mm&#038;r=g 2x' class='avatar avatar-128 photo' height='128' width='128' \/>\t\t<\/div>\n\t\t\t\t<div class=\"elementor-post__text\">\n\t\t\t\t<h3 class=\"elementor-post__title\">\n\t\t\t<a href=\"https:\/\/fundacionkairos.org\/en\/2023\/01\/19\/un-padre-desarrolla-campana-de-reciclaje\/\" >\n\t\t\t\tUn padre desarrolla campa\u00f1a de reciclaje\t\t\t<\/a>\n\t\t<\/h3>\n\t\t\t\t<div class=\"elementor-post__excerpt\">\n\t\t\t<p>Se llama\u00a0Simon Mahish y est\u00e1 al frente de una oeneg\u00e9 que educa a m\u00e1s 5.000 ni\u00f1os y adolescentes en sectores populares de Guayaquil El padre<\/p>\n\t\t<\/div>\n\t\t\n\t\t<a class=\"elementor-post__read-more\" href=\"https:\/\/fundacionkairos.org\/en\/2023\/01\/19\/un-padre-desarrolla-campana-de-reciclaje\/\" aria-label=\"Read more about Un padre desarrolla campa\u00f1a de reciclaje\" tabindex=\"-1\" >\n\t\t\tLeer m\u00e1s \u00bb\t\t<\/a>\n\n\t\t\t\t<\/div>\n\t\t\t\t<div class=\"elementor-post__meta-data\">\n\t\t\t\t\t<span class=\"elementor-post-date\">\n\t\t\t19 de January de 2023\t\t<\/span>\n\t\t\t\t<\/div>\n\t\t\t\t\t<\/div>\n\t\t<\/article>\n\t\t\t\t<article class=\"elementor-post elementor-grid-item post-1006 post type-post status-publish format-standard has-post-thumbnail hentry category-noticias\" role=\"listitem\">\n\t\t\t<div class=\"elementor-post__card\">\n\t\t\t\t<a class=\"elementor-post__thumbnail__link\" href=\"https:\/\/fundacionkairos.org\/en\/2022\/11\/29\/la-chatarra-electronica-dara-forma-a-los-suenos-de-estudiantes-en-guayaquil\/\" tabindex=\"-1\" ><div class=\"elementor-post__thumbnail\"><img decoding=\"async\" width=\"300\" height=\"168\" src=\"https:\/\/fundacionkairos.org\/wp-content\/uploads\/2025\/09\/fundacion-1-700x391-1-300x168.jpg\" class=\"attachment-medium size-medium wp-image-1007\" alt=\"\" srcset=\"https:\/\/fundacionkairos.org\/wp-content\/uploads\/2025\/09\/fundacion-1-700x391-1-300x168.jpg 300w, https:\/\/fundacionkairos.org\/wp-content\/uploads\/2025\/09\/fundacion-1-700x391-1-18x10.jpg 18w, https:\/\/fundacionkairos.org\/wp-content\/uploads\/2025\/09\/fundacion-1-700x391-1.jpg 700w\" sizes=\"(max-width: 300px) 100vw, 300px\" \/><\/div><\/a>\n\t\t\t\t<div class=\"elementor-post__badge\">News<\/div>\n\t\t\t\t<div class=\"elementor-post__avatar\">\n\t\t\t<img alt='admin' src='https:\/\/secure.gravatar.com\/avatar\/6012cc0a587f8a1fd529f30d6b2f8450ca1dcd51cc33f5d49280faa02cf5c3b8?s=128&#038;d=mm&#038;r=g' srcset='https:\/\/secure.gravatar.com\/avatar\/6012cc0a587f8a1fd529f30d6b2f8450ca1dcd51cc33f5d49280faa02cf5c3b8?s=256&#038;d=mm&#038;r=g 2x' class='avatar avatar-128 photo' height='128' width='128' \/>\t\t<\/div>\n\t\t\t\t<div class=\"elementor-post__text\">\n\t\t\t\t<h3 class=\"elementor-post__title\">\n\t\t\t<a href=\"https:\/\/fundacionkairos.org\/en\/2022\/11\/29\/la-chatarra-electronica-dara-forma-a-los-suenos-de-estudiantes-en-guayaquil\/\" >\n\t\t\t\tLa chatarra electr\u00f3nica dar\u00e1 forma a los sue\u00f1os de estudiantes en Guayaquil\t\t\t<\/a>\n\t\t<\/h3>\n\t\t\t\t<div class=\"elementor-post__excerpt\">\n\t\t\t<p>El padre Sim\u00f3n dirige la Fundaci\u00f3n Kair\u00f3s, que contribuye a la protecci\u00f3n integral de ni\u00f1os, adolescentes y sus familias, especialmente de grupos vulnerables.\u00a0 La met\u00e1fora<\/p>\n\t\t<\/div>\n\t\t\n\t\t<a class=\"elementor-post__read-more\" href=\"https:\/\/fundacionkairos.org\/en\/2022\/11\/29\/la-chatarra-electronica-dara-forma-a-los-suenos-de-estudiantes-en-guayaquil\/\" aria-label=\"Read more about La chatarra electr\u00f3nica dar\u00e1 forma a los sue\u00f1os de estudiantes en Guayaquil\" tabindex=\"-1\" >\n\t\t\tLeer m\u00e1s \u00bb\t\t<\/a>\n\n\t\t\t\t<\/div>\n\t\t\t\t<div class=\"elementor-post__meta-data\">\n\t\t\t\t\t<span class=\"elementor-post-date\">\n\t\t\t29 de November de 2022\t\t<\/span>\n\t\t\t\t<\/div>\n\t\t\t\t\t<\/div>\n\t\t<\/article>\n\t\t\t\t<article class=\"elementor-post elementor-grid-item post-965 post type-post status-publish format-standard has-post-thumbnail hentry category-noticias\" role=\"listitem\">\n\t\t\t<div class=\"elementor-post__card\">\n\t\t\t\t<a class=\"elementor-post__thumbnail__link\" href=\"https:\/\/fundacionkairos.org\/en\/2022\/07\/27\/el-sueno-de-un-sacerdote-de-crear-una-ciudad-de-ninos\/\" tabindex=\"-1\" ><div class=\"elementor-post__thumbnail\"><img decoding=\"async\" width=\"300\" height=\"183\" src=\"https:\/\/fundacionkairos.org\/wp-content\/uploads\/2025\/09\/62e11ea75b6b6-300x183.jpeg\" class=\"attachment-medium size-medium wp-image-966\" alt=\"\" srcset=\"https:\/\/fundacionkairos.org\/wp-content\/uploads\/2025\/09\/62e11ea75b6b6-300x183.jpeg 300w, https:\/\/fundacionkairos.org\/wp-content\/uploads\/2025\/09\/62e11ea75b6b6-768x470.jpeg 768w, https:\/\/fundacionkairos.org\/wp-content\/uploads\/2025\/09\/62e11ea75b6b6-18x12.jpeg 18w, https:\/\/fundacionkairos.org\/wp-content\/uploads\/2025\/09\/62e11ea75b6b6.jpeg 780w\" sizes=\"(max-width: 300px) 100vw, 300px\" \/><\/div><\/a>\n\t\t\t\t<div class=\"elementor-post__badge\">News<\/div>\n\t\t\t\t<div class=\"elementor-post__avatar\">\n\t\t\t<img alt='admin' src='https:\/\/secure.gravatar.com\/avatar\/6012cc0a587f8a1fd529f30d6b2f8450ca1dcd51cc33f5d49280faa02cf5c3b8?s=128&#038;d=mm&#038;r=g' srcset='https:\/\/secure.gravatar.com\/avatar\/6012cc0a587f8a1fd529f30d6b2f8450ca1dcd51cc33f5d49280faa02cf5c3b8?s=256&#038;d=mm&#038;r=g 2x' class='avatar avatar-128 photo' height='128' width='128' \/>\t\t<\/div>\n\t\t\t\t<div class=\"elementor-post__text\">\n\t\t\t\t<h3 class=\"elementor-post__title\">\n\t\t\t<a href=\"https:\/\/fundacionkairos.org\/en\/2022\/07\/27\/el-sueno-de-un-sacerdote-de-crear-una-ciudad-de-ninos\/\" >\n\t\t\t\tEl sue\u00f1o de un sacerdote de crear una \u2018Ciudad de Ni\u00f1os\u2019\t\t\t<\/a>\n\t\t<\/h3>\n\t\t\t\t<div class=\"elementor-post__excerpt\">\n\t\t\t<p>Sim\u00f3n Mahihs lidera una fundaci\u00f3n con 12 complejos a cargo con atenci\u00f3n gratuita. Ahora se ha propuesta construir una gran urbe educativa Cuando el\u00a0padre Sim\u00f3n<\/p>\n\t\t<\/div>\n\t\t\n\t\t<a class=\"elementor-post__read-more\" href=\"https:\/\/fundacionkairos.org\/en\/2022\/07\/27\/el-sueno-de-un-sacerdote-de-crear-una-ciudad-de-ninos\/\" aria-label=\"Read more about El sue\u00f1o de un sacerdote de crear una \u2018Ciudad de Ni\u00f1os\u2019\" tabindex=\"-1\" >\n\t\t\tLeer m\u00e1s \u00bb\t\t<\/a>\n\n\t\t\t\t<\/div>\n\t\t\t\t<div class=\"elementor-post__meta-data\">\n\t\t\t\t\t<span class=\"elementor-post-date\">\n\t\t\t27 de July de 2022\t\t<\/span>\n\t\t\t\t<\/div>\n\t\t\t\t\t<\/div>\n\t\t<\/article>\n\t\t\t\t<article class=\"elementor-post elementor-grid-item post-956 post type-post status-publish format-standard has-post-thumbnail hentry category-noticias\" role=\"listitem\">\n\t\t\t<div class=\"elementor-post__card\">\n\t\t\t\t<a class=\"elementor-post__thumbnail__link\" href=\"https:\/\/fundacionkairos.org\/en\/2018\/11\/14\/padre-simon-el-guardian-de-la-educacion-en-la-trinitaria\/\" tabindex=\"-1\" ><div class=\"elementor-post__thumbnail\"><img loading=\"lazy\" decoding=\"async\" width=\"300\" height=\"183\" src=\"https:\/\/fundacionkairos.org\/wp-content\/uploads\/2025\/09\/5f19772220553-300x183.jpeg\" class=\"attachment-medium size-medium wp-image-957\" alt=\"\" srcset=\"https:\/\/fundacionkairos.org\/wp-content\/uploads\/2025\/09\/5f19772220553-300x183.jpeg 300w, https:\/\/fundacionkairos.org\/wp-content\/uploads\/2025\/09\/5f19772220553-768x470.jpeg 768w, https:\/\/fundacionkairos.org\/wp-content\/uploads\/2025\/09\/5f19772220553-18x12.jpeg 18w, https:\/\/fundacionkairos.org\/wp-content\/uploads\/2025\/09\/5f19772220553.jpeg 780w\" sizes=\"(max-width: 300px) 100vw, 300px\" \/><\/div><\/a>\n\t\t\t\t<div class=\"elementor-post__badge\">News<\/div>\n\t\t\t\t<div class=\"elementor-post__avatar\">\n\t\t\t<img alt='admin' src='https:\/\/secure.gravatar.com\/avatar\/6012cc0a587f8a1fd529f30d6b2f8450ca1dcd51cc33f5d49280faa02cf5c3b8?s=128&#038;d=mm&#038;r=g' srcset='https:\/\/secure.gravatar.com\/avatar\/6012cc0a587f8a1fd529f30d6b2f8450ca1dcd51cc33f5d49280faa02cf5c3b8?s=256&#038;d=mm&#038;r=g 2x' class='avatar avatar-128 photo' height='128' width='128' \/>\t\t<\/div>\n\t\t\t\t<div class=\"elementor-post__text\">\n\t\t\t\t<h3 class=\"elementor-post__title\">\n\t\t\t<a href=\"https:\/\/fundacionkairos.org\/en\/2018\/11\/14\/padre-simon-el-guardian-de-la-educacion-en-la-trinitaria\/\" >\n\t\t\t\tPadre Sim\u00f3n, el guardi\u00e1n de la educaci\u00f3n en la Trinitaria\t\t\t<\/a>\n\t\t<\/h3>\n\t\t\t\t<div class=\"elementor-post__excerpt\">\n\t\t\t<p>Beneficios: La fundaci\u00f3n Kairos, del padre Sim\u00f3n, brinda educaci\u00f3n y atenci\u00f3n m\u00e9dica gratuita. Su labor se inspir\u00f3 en un episodio de discriminaci\u00f3n. La directora la<\/p>\n\t\t<\/div>\n\t\t\n\t\t<a class=\"elementor-post__read-more\" href=\"https:\/\/fundacionkairos.org\/en\/2018\/11\/14\/padre-simon-el-guardian-de-la-educacion-en-la-trinitaria\/\" aria-label=\"Read more about Padre Sim\u00f3n, el guardi\u00e1n de la educaci\u00f3n en la Trinitaria\" tabindex=\"-1\" >\n\t\t\tLeer m\u00e1s \u00bb\t\t<\/a>\n\n\t\t\t\t<\/div>\n\t\t\t\t<div class=\"elementor-post__meta-data\">\n\t\t\t\t\t<span class=\"elementor-post-date\">\n\t\t\t14 de November de 2018\t\t<\/span>\n\t\t\t\t<\/div>\n\t\t\t\t\t<\/div>\n\t\t<\/article>\n\t\t\t\t<article class=\"elementor-post elementor-grid-item post-978 post type-post status-publish format-standard has-post-thumbnail hentry category-noticias\" role=\"listitem\">\n\t\t\t<div class=\"elementor-post__card\">\n\t\t\t\t<a class=\"elementor-post__thumbnail__link\" href=\"https:\/\/fundacionkairos.org\/en\/2018\/07\/17\/el-amigo-del-millon-un-cura-custodio-de-la-educacion-en-ecuador\/\" tabindex=\"-1\" ><div class=\"elementor-post__thumbnail\"><img loading=\"lazy\" decoding=\"async\" width=\"300\" height=\"169\" src=\"https:\/\/fundacionkairos.org\/wp-content\/uploads\/2018\/07\/web3-padre-simon-ecuador-11-instagram-padresimon-300x169.webp\" class=\"attachment-medium size-medium wp-image-981\" alt=\"\" srcset=\"https:\/\/fundacionkairos.org\/wp-content\/uploads\/2018\/07\/web3-padre-simon-ecuador-11-instagram-padresimon-300x169.webp 300w, https:\/\/fundacionkairos.org\/wp-content\/uploads\/2018\/07\/web3-padre-simon-ecuador-11-instagram-padresimon-18x10.webp 18w, https:\/\/fundacionkairos.org\/wp-content\/uploads\/2018\/07\/web3-padre-simon-ecuador-11-instagram-padresimon.webp 620w\" sizes=\"(max-width: 300px) 100vw, 300px\" \/><\/div><\/a>\n\t\t\t\t<div class=\"elementor-post__badge\">News<\/div>\n\t\t\t\t<div class=\"elementor-post__avatar\">\n\t\t\t<img alt='admin' src='https:\/\/secure.gravatar.com\/avatar\/6012cc0a587f8a1fd529f30d6b2f8450ca1dcd51cc33f5d49280faa02cf5c3b8?s=128&#038;d=mm&#038;r=g' srcset='https:\/\/secure.gravatar.com\/avatar\/6012cc0a587f8a1fd529f30d6b2f8450ca1dcd51cc33f5d49280faa02cf5c3b8?s=256&#038;d=mm&#038;r=g 2x' class='avatar avatar-128 photo' height='128' width='128' \/>\t\t<\/div>\n\t\t\t\t<div class=\"elementor-post__text\">\n\t\t\t\t<h3 class=\"elementor-post__title\">\n\t\t\t<a href=\"https:\/\/fundacionkairos.org\/en\/2018\/07\/17\/el-amigo-del-millon-un-cura-custodio-de-la-educacion-en-ecuador\/\" >\n\t\t\t\t\u201cEl amigo del mill\u00f3n\u201d, un cura custodio de la educaci\u00f3n en Ecuador\t\t\t<\/a>\n\t\t<\/h3>\n\t\t\t\t<div class=\"elementor-post__excerpt\">\n\t\t\t<p>Beneficios: La fundaci\u00f3n Kairos, del padre Sim\u00f3n, brinda educaci\u00f3n y atenci\u00f3n m\u00e9dica gratuita. Su labor se inspir\u00f3 en un episodio de discriminaci\u00f3n. La directora la<\/p>\n\t\t<\/div>\n\t\t\n\t\t<a class=\"elementor-post__read-more\" href=\"https:\/\/fundacionkairos.org\/en\/2018\/07\/17\/el-amigo-del-millon-un-cura-custodio-de-la-educacion-en-ecuador\/\" aria-label=\"Read more about \u201cEl amigo del mill\u00f3n\u201d, un cura custodio de la educaci\u00f3n en Ecuador\" tabindex=\"-1\" >\n\t\t\tLeer m\u00e1s \u00bb\t\t<\/a>\n\n\t\t\t\t<\/div>\n\t\t\t\t<div class=\"elementor-post__meta-data\">\n\t\t\t\t\t<span class=\"elementor-post-date\">\n\t\t\t17 de July de 2018\t\t<\/span>\n\t\t\t\t<\/div>\n\t\t\t\t\t<\/div>\n\t\t<\/article>\n\t\t\t\t<\/div>\n\t\t\n\t\t\t\t\t\t<\/div>\n\t\t\t\t<\/div>\n\t\t\t\t\t<\/div>\n\t\t\t\t<\/div>\n\t\t<div class=\"elementor-element elementor-element-f9e966a e-flex e-con-boxed e-con e-parent\" data-id=\"f9e966a\" data-element_type=\"container\">\n\t\t\t\t\t<div class=\"e-con-inner\">\n\t\t\t\t\t<\/div>\n\t\t\t\t<\/div>\n\t\t\t\t<\/div>","protected":false},"excerpt":{"rendered":"","protected":false},"author":1,"featured_media":0,"parent":0,"menu_order":0,"comment_status":"closed","ping_status":"closed","template":"elementor_header_footer","meta":{"footnotes":""},"class_list":["post-986","page","type-page","status-publish","hentry"],"_links":{"self":[{"href":"https:\/\/fundacionkairos.org\/en\/wp-json\/wp\/v2\/pages\/986","targetHints":{"allow":["GET"]}}],"collection":[{"href":"https:\/\/fundacionkairos.org\/en\/wp-json\/wp\/v2\/pages"}],"about":[{"href":"https:\/\/fundacionkairos.org\/en\/wp-json\/wp\/v2\/types\/page"}],"author":[{"embeddable":true,"href":"https:\/\/fundacionkairos.org\/en\/wp-json\/wp\/v2\/users\/1"}],"replies":[{"embeddable":true,"href":"https:\/\/fundacionkairos.org\/en\/wp-json\/wp\/v2\/comments?post=986"}],"version-history":[{"count":10,"href":"https:\/\/fundacionkairos.org\/en\/wp-json\/wp\/v2\/pages\/986\/revisions"}],"predecessor-version":[{"id":997,"href":"https:\/\/fundacionkairos.org\/en\/wp-json\/wp\/v2\/pages\/986\/revisions\/997"}],"wp:attachment":[{"href":"https:\/\/fundacionkairos.org\/en\/wp-json\/wp\/v2\/media?parent=986"}],"curies":[{"name":"wp","href":"https:\/\/api.w.org\/{rel}","templated":true}]}}